{"id":6649,"date":"2024-08-20T12:30:41","date_gmt":"2024-08-20T12:30:41","guid":{"rendered":"https:\/\/so-events.org\/?post_type=speakers&#038;p=6649"},"modified":"2025-07-03T10:08:28","modified_gmt":"2025-07-03T10:08:28","slug":"tanja-wente","status":"publish","type":"speakers","link":"https:\/\/so-events.org\/de\/speakers\/tanja-wente","title":{"rendered":"Tanja Wente"},"content":{"rendered":"<p><span style=\"font-weight: 400;\">Tanja Wente ist bei Goldeimer f\u00fcr den Bereich Kommunikation und Storytelling zust\u00e4ndig und will mit der Vision \u201eAlle f\u00fcr Klos! Klos f\u00fcr Alle!\u201c m\u00f6glichst viele Menschen erreichen. Goldeimer ist ein gemeinn\u00fctziges Unternehmen aus Hamburg, das Menschen weltweit den Zugang zu einer gesicherten Sanit\u00e4rversorgung erm\u00f6glichen will. Vielleicht kennst du Goldeimer durch das soziale Klopapier, Trockenklos auf Festivals oder als Teil der Viva con Agua Family. Seit 2022 ist Goldeimer Purpose-Unternehmen und geh\u00f6rt jetzt den Menschen, die ohnehin schon tagt\u00e4glich kleine und gro\u00dfe Entscheidungen treffen: dem Team.<\/span><\/p>\n","protected":false},"excerpt":{"rendered":"<p>Kommunikation &#038; Storytelling bei Goldeimer<\/p>\n","protected":false},"featured_media":9318,"template":"","speaker_types":[157],"speaker_filter":[168],"class_list":["post-6649","speakers","type-speakers","status-publish","has-post-thumbnail","hentry","speaker_types-speakers-2022","speaker_filter-2022-de"],"acf":[],"yoast_head":"<!-- This site is optimized with the Yoast SEO plugin v26.1.1 - https:\/\/yoast.com\/wordpress\/plugins\/seo\/ -->\n<title>Tanja Wente - SO:25<\/title>\n<meta name=\"robots\" content=\"index, follow, max-snippet:-1, max-image-preview:large, max-video-preview:-1\" \/>\n<link rel=\"canonical\" href=\"https:\/\/so-events.org\/de\/speakers\/tanja-wente\" \/>\n<meta property=\"og:locale\" content=\"de_DE\" \/>\n<meta property=\"og:type\" content=\"article\" \/>\n<meta property=\"og:title\" content=\"Tanja Wente - SO:25\" \/>\n<meta property=\"og:description\" content=\"Kommunikation &amp; Storytelling bei Goldeimer\" \/>\n<meta property=\"og:url\" content=\"https:\/\/so-events.org\/de\/speakers\/tanja-wente\" \/>\n<meta property=\"og:site_name\" content=\"SO:25\" \/>\n<meta property=\"article:modified_time\" content=\"2025-07-03T10:08:28+00:00\" \/>\n<meta property=\"og:image\" content=\"https:\/\/so-events.org\/wp-content\/uploads\/2024\/08\/86.jpg\" \/>\n\t<meta property=\"og:image:width\" content=\"800\" \/>\n\t<meta property=\"og:image:height\" content=\"800\" \/>\n\t<meta property=\"og:image:type\" content=\"image\/jpeg\" \/>\n<meta name=\"twitter:card\" content=\"summary_large_image\" \/>\n<meta name=\"twitter:label1\" content=\"Gesch\u00e4tzte Lesezeit\" \/>\n\t<meta name=\"twitter:data1\" content=\"1\u00a0Minute\" \/>\n<script type=\"application\/ld+json\" class=\"yoast-schema-graph\">{\"@context\":\"https:\/\/schema.org\",\"@graph\":[{\"@type\":\"WebPage\",\"@id\":\"https:\/\/so-events.org\/de\/speakers\/tanja-wente\",\"url\":\"https:\/\/so-events.org\/de\/speakers\/tanja-wente\",\"name\":\"Tanja Wente - SO:25\",\"isPartOf\":{\"@id\":\"https:\/\/so-events.org\/#website\"},\"primaryImageOfPage\":{\"@id\":\"https:\/\/so-events.org\/de\/speakers\/tanja-wente#primaryimage\"},\"image\":{\"@id\":\"https:\/\/so-events.org\/de\/speakers\/tanja-wente#primaryimage\"},\"thumbnailUrl\":\"https:\/\/so-events.org\/wp-content\/uploads\/2024\/08\/86.jpg\",\"datePublished\":\"2024-08-20T12:30:41+00:00\",\"dateModified\":\"2025-07-03T10:08:28+00:00\",\"breadcrumb\":{\"@id\":\"https:\/\/so-events.org\/de\/speakers\/tanja-wente#breadcrumb\"},\"inLanguage\":\"de\",\"potentialAction\":[{\"@type\":\"ReadAction\",\"target\":[\"https:\/\/so-events.org\/de\/speakers\/tanja-wente\"]}]},{\"@type\":\"ImageObject\",\"inLanguage\":\"de\",\"@id\":\"https:\/\/so-events.org\/de\/speakers\/tanja-wente#primaryimage\",\"url\":\"https:\/\/so-events.org\/wp-content\/uploads\/2024\/08\/86.jpg\",\"contentUrl\":\"https:\/\/so-events.org\/wp-content\/uploads\/2024\/08\/86.jpg\",\"width\":800,\"height\":800},{\"@type\":\"BreadcrumbList\",\"@id\":\"https:\/\/so-events.org\/de\/speakers\/tanja-wente#breadcrumb\",\"itemListElement\":[{\"@type\":\"ListItem\",\"position\":1,\"name\":\"Startseite\",\"item\":\"https:\/\/so-events.org\/\"},{\"@type\":\"ListItem\",\"position\":2,\"name\":\"Speakers\",\"item\":\"https:\/\/so-events.org\/speakers\"},{\"@type\":\"ListItem\",\"position\":3,\"name\":\"Tanja Wente\"}]},{\"@type\":\"WebSite\",\"@id\":\"https:\/\/so-events.org\/#website\",\"url\":\"https:\/\/so-events.org\/\",\"name\":\"VE:25\",\"description\":\"Purpose\",\"publisher\":{\"@id\":\"https:\/\/so-events.org\/#organization\"},\"potentialAction\":[{\"@type\":\"SearchAction\",\"target\":{\"@type\":\"EntryPoint\",\"urlTemplate\":\"https:\/\/so-events.org\/?s={search_term_string}\"},\"query-input\":{\"@type\":\"PropertyValueSpecification\",\"valueRequired\":true,\"valueName\":\"search_term_string\"}}],\"inLanguage\":\"de\"},{\"@type\":\"Organization\",\"@id\":\"https:\/\/so-events.org\/#organization\",\"name\":\"VE:25\",\"url\":\"https:\/\/so-events.org\/\",\"logo\":{\"@type\":\"ImageObject\",\"inLanguage\":\"de\",\"@id\":\"https:\/\/so-events.org\/#\/schema\/logo\/image\/\",\"url\":\"https:\/\/so-events.org\/wp-content\/uploads\/2024\/09\/se25-logo.png\",\"contentUrl\":\"https:\/\/so-events.org\/wp-content\/uploads\/2024\/09\/se25-logo.png\",\"width\":1042,\"height\":393,\"caption\":\"VE:25\"},\"image\":{\"@id\":\"https:\/\/so-events.org\/#\/schema\/logo\/image\/\"}}]}<\/script>\n<!-- \/ Yoast SEO plugin. -->","yoast_head_json":{"title":"Tanja Wente - SO:25","robots":{"index":"index","follow":"follow","max-snippet":"max-snippet:-1","max-image-preview":"max-image-preview:large","max-video-preview":"max-video-preview:-1"},"canonical":"https:\/\/so-events.org\/de\/speakers\/tanja-wente","og_locale":"de_DE","og_type":"article","og_title":"Tanja Wente - SO:25","og_description":"Kommunikation & Storytelling bei Goldeimer","og_url":"https:\/\/so-events.org\/de\/speakers\/tanja-wente","og_site_name":"SO:25","article_modified_time":"2025-07-03T10:08:28+00:00","og_image":[{"width":800,"height":800,"url":"https:\/\/so-events.org\/wp-content\/uploads\/2024\/08\/86.jpg","type":"image\/jpeg"}],"twitter_card":"summary_large_image","twitter_misc":{"Gesch\u00e4tzte Lesezeit":"1\u00a0Minute"},"schema":{"@context":"https:\/\/schema.org","@graph":[{"@type":"WebPage","@id":"https:\/\/so-events.org\/de\/speakers\/tanja-wente","url":"https:\/\/so-events.org\/de\/speakers\/tanja-wente","name":"Tanja Wente - SO:25","isPartOf":{"@id":"https:\/\/so-events.org\/#website"},"primaryImageOfPage":{"@id":"https:\/\/so-events.org\/de\/speakers\/tanja-wente#primaryimage"},"image":{"@id":"https:\/\/so-events.org\/de\/speakers\/tanja-wente#primaryimage"},"thumbnailUrl":"https:\/\/so-events.org\/wp-content\/uploads\/2024\/08\/86.jpg","datePublished":"2024-08-20T12:30:41+00:00","dateModified":"2025-07-03T10:08:28+00:00","breadcrumb":{"@id":"https:\/\/so-events.org\/de\/speakers\/tanja-wente#breadcrumb"},"inLanguage":"de","potentialAction":[{"@type":"ReadAction","target":["https:\/\/so-events.org\/de\/speakers\/tanja-wente"]}]},{"@type":"ImageObject","inLanguage":"de","@id":"https:\/\/so-events.org\/de\/speakers\/tanja-wente#primaryimage","url":"https:\/\/so-events.org\/wp-content\/uploads\/2024\/08\/86.jpg","contentUrl":"https:\/\/so-events.org\/wp-content\/uploads\/2024\/08\/86.jpg","width":800,"height":800},{"@type":"BreadcrumbList","@id":"https:\/\/so-events.org\/de\/speakers\/tanja-wente#breadcrumb","itemListElement":[{"@type":"ListItem","position":1,"name":"Startseite","item":"https:\/\/so-events.org\/"},{"@type":"ListItem","position":2,"name":"Speakers","item":"https:\/\/so-events.org\/speakers"},{"@type":"ListItem","position":3,"name":"Tanja Wente"}]},{"@type":"WebSite","@id":"https:\/\/so-events.org\/#website","url":"https:\/\/so-events.org\/","name":"VE:25","description":"Purpose","publisher":{"@id":"https:\/\/so-events.org\/#organization"},"potentialAction":[{"@type":"SearchAction","target":{"@type":"EntryPoint","urlTemplate":"https:\/\/so-events.org\/?s={search_term_string}"},"query-input":{"@type":"PropertyValueSpecification","valueRequired":true,"valueName":"search_term_string"}}],"inLanguage":"de"},{"@type":"Organization","@id":"https:\/\/so-events.org\/#organization","name":"VE:25","url":"https:\/\/so-events.org\/","logo":{"@type":"ImageObject","inLanguage":"de","@id":"https:\/\/so-events.org\/#\/schema\/logo\/image\/","url":"https:\/\/so-events.org\/wp-content\/uploads\/2024\/09\/se25-logo.png","contentUrl":"https:\/\/so-events.org\/wp-content\/uploads\/2024\/09\/se25-logo.png","width":1042,"height":393,"caption":"VE:25"},"image":{"@id":"https:\/\/so-events.org\/#\/schema\/logo\/image\/"}}]}},"_links":{"self":[{"href":"https:\/\/so-events.org\/de\/wp-json\/wp\/v2\/speakers\/6649","targetHints":{"allow":["GET"]}}],"collection":[{"href":"https:\/\/so-events.org\/de\/wp-json\/wp\/v2\/speakers"}],"about":[{"href":"https:\/\/so-events.org\/de\/wp-json\/wp\/v2\/types\/speakers"}],"version-history":[{"count":0,"href":"https:\/\/so-events.org\/de\/wp-json\/wp\/v2\/speakers\/6649\/revisions"}],"wp:featuredmedia":[{"embeddable":true,"href":"https:\/\/so-events.org\/de\/wp-json\/wp\/v2\/media\/9318"}],"wp:attachment":[{"href":"https:\/\/so-events.org\/de\/wp-json\/wp\/v2\/media?parent=6649"}],"wp:term":[{"taxonomy":"speaker_types","embeddable":true,"href":"https:\/\/so-events.org\/de\/wp-json\/wp\/v2\/speaker_types?post=6649"},{"taxonomy":"speaker_filter","embeddable":true,"href":"https:\/\/so-events.org\/de\/wp-json\/wp\/v2\/speaker_filter?post=6649"}],"curies":[{"name":"wp","href":"https:\/\/api.w.org\/{rel}","templated":true}]}}