{"id":5548,"date":"2022-08-01T14:53:57","date_gmt":"2022-08-01T14:53:57","guid":{"rendered":"https:\/\/so-events.org\/?post_type=speakers&#038;p=5548"},"modified":"2025-07-03T10:05:55","modified_gmt":"2025-07-03T10:05:55","slug":"jan-bohl","status":"publish","type":"speakers","link":"https:\/\/so-events.org\/de\/speakers\/jan-bohl","title":{"rendered":"Jan Bohl"},"content":{"rendered":"<p>Jan Bohl ist Unternehmer und Angel-Investor mit Sitz in Berlin. Er studierte Betriebswirtschaftslehre an der ESCP Paris und der Technischen Universit\u00e4t Berlin und begann seine Karriere als Unternehmensberater in der Medienpraxisgruppe von PricewaterhouseCoopers. Seit 2000 ist er Miteigent\u00fcmer und CFO\/COO von Ableton, einem international renommierten Hersteller von Musiksoftware mit B\u00fcros in Berlin und Los Angeles. Seit Abletons Gr\u00fcndung haben mehr als 1,7 Millionen Musiker, DJs und Sounddesigner eines der Softwareprogramme von Ableton verwendet. Ableton wurde mehrfach f\u00fcr das deutsche Technology Fast 50 Ranking von Deloitte nominiert, in dem die am schnellsten wachsenden Technologieunternehmen aufgef\u00fchrt sind. Jan baute die kommerzielle Organisation von Ableton auf und leitet diesen Bereich seit 2000 erfolgreich. Neben dem etablierten Software-Gesch\u00e4ft hat Ableton im M\u00e4rz 2013 sein erstes Hardware-Produkt namens PUSH ver\u00f6ffentlicht. Mit dem Einstieg in den Hardware-Markt erwartet Ableton, seinen Marktanteil im Bereich der computerbasierten Musikproduktion in den kommenden Jahren deutlich zu erh\u00f6hen. Neben seiner Rolle bei Ableton ist Jan Bohl als Mentor und Coach f\u00fcr Gr\u00fcnder und Manager von Start-up-Unternehmen t\u00e4tig, insbesondere im Bereich Technologie\/Internet.<\/p>\n","protected":false},"excerpt":{"rendered":"<p>CFO &#038; Partner<br \/>\nAbleton<\/p>\n","protected":false},"featured_media":9424,"template":"","speaker_types":[158],"speaker_filter":[167],"class_list":["post-5548","speakers","type-speakers","status-publish","has-post-thumbnail","hentry","speaker_types-speakers-2023","speaker_filter-2023-de"],"acf":[],"yoast_head":"<!-- This site is optimized with the Yoast SEO plugin v26.1.1 - https:\/\/yoast.com\/wordpress\/plugins\/seo\/ -->\n<title>Jan Bohl - SO:25<\/title>\n<meta name=\"robots\" content=\"index, follow, max-snippet:-1, max-image-preview:large, max-video-preview:-1\" \/>\n<link rel=\"canonical\" href=\"https:\/\/so-events.org\/speakers\/jan-bohl\" \/>\n<meta property=\"og:locale\" content=\"de_DE\" \/>\n<meta property=\"og:type\" content=\"article\" \/>\n<meta property=\"og:title\" content=\"Jan Bohl - SO:25\" \/>\n<meta property=\"og:description\" content=\"CFO &amp; Partner Ableton\" \/>\n<meta property=\"og:url\" content=\"https:\/\/so-events.org\/speakers\/jan-bohl\" \/>\n<meta property=\"og:site_name\" content=\"SO:25\" \/>\n<meta property=\"article:modified_time\" content=\"2025-07-03T10:05:55+00:00\" \/>\n<meta property=\"og:image\" content=\"https:\/\/so-events.org\/wp-content\/uploads\/2022\/08\/39.jpg\" \/>\n\t<meta property=\"og:image:width\" content=\"800\" \/>\n\t<meta property=\"og:image:height\" content=\"800\" \/>\n\t<meta property=\"og:image:type\" content=\"image\/jpeg\" \/>\n<meta name=\"twitter:card\" content=\"summary_large_image\" \/>\n<meta name=\"twitter:label1\" content=\"Gesch\u00e4tzte Lesezeit\" \/>\n\t<meta name=\"twitter:data1\" content=\"1\u00a0Minute\" \/>\n<script type=\"application\/ld+json\" class=\"yoast-schema-graph\">{\"@context\":\"https:\/\/schema.org\",\"@graph\":[{\"@type\":\"WebPage\",\"@id\":\"https:\/\/so-events.org\/speakers\/jan-bohl\",\"url\":\"https:\/\/so-events.org\/speakers\/jan-bohl\",\"name\":\"Jan Bohl - SO:25\",\"isPartOf\":{\"@id\":\"https:\/\/so-events.org\/#website\"},\"primaryImageOfPage\":{\"@id\":\"https:\/\/so-events.org\/speakers\/jan-bohl#primaryimage\"},\"image\":{\"@id\":\"https:\/\/so-events.org\/speakers\/jan-bohl#primaryimage\"},\"thumbnailUrl\":\"https:\/\/so-events.org\/wp-content\/uploads\/2022\/08\/39.jpg\",\"datePublished\":\"2022-08-01T14:53:57+00:00\",\"dateModified\":\"2025-07-03T10:05:55+00:00\",\"breadcrumb\":{\"@id\":\"https:\/\/so-events.org\/speakers\/jan-bohl#breadcrumb\"},\"inLanguage\":\"de\",\"potentialAction\":[{\"@type\":\"ReadAction\",\"target\":[\"https:\/\/so-events.org\/speakers\/jan-bohl\"]}]},{\"@type\":\"ImageObject\",\"inLanguage\":\"de\",\"@id\":\"https:\/\/so-events.org\/speakers\/jan-bohl#primaryimage\",\"url\":\"https:\/\/so-events.org\/wp-content\/uploads\/2022\/08\/39.jpg\",\"contentUrl\":\"https:\/\/so-events.org\/wp-content\/uploads\/2022\/08\/39.jpg\",\"width\":800,\"height\":800},{\"@type\":\"BreadcrumbList\",\"@id\":\"https:\/\/so-events.org\/speakers\/jan-bohl#breadcrumb\",\"itemListElement\":[{\"@type\":\"ListItem\",\"position\":1,\"name\":\"Startseite\",\"item\":\"https:\/\/so-events.org\/\"},{\"@type\":\"ListItem\",\"position\":2,\"name\":\"Speakers\",\"item\":\"https:\/\/so-events.org\/speakers\"},{\"@type\":\"ListItem\",\"position\":3,\"name\":\"Jan Bohl\"}]},{\"@type\":\"WebSite\",\"@id\":\"https:\/\/so-events.org\/#website\",\"url\":\"https:\/\/so-events.org\/\",\"name\":\"VE:25\",\"description\":\"Purpose\",\"publisher\":{\"@id\":\"https:\/\/so-events.org\/#organization\"},\"potentialAction\":[{\"@type\":\"SearchAction\",\"target\":{\"@type\":\"EntryPoint\",\"urlTemplate\":\"https:\/\/so-events.org\/?s={search_term_string}\"},\"query-input\":{\"@type\":\"PropertyValueSpecification\",\"valueRequired\":true,\"valueName\":\"search_term_string\"}}],\"inLanguage\":\"de\"},{\"@type\":\"Organization\",\"@id\":\"https:\/\/so-events.org\/#organization\",\"name\":\"VE:25\",\"url\":\"https:\/\/so-events.org\/\",\"logo\":{\"@type\":\"ImageObject\",\"inLanguage\":\"de\",\"@id\":\"https:\/\/so-events.org\/#\/schema\/logo\/image\/\",\"url\":\"https:\/\/so-events.org\/wp-content\/uploads\/2024\/09\/se25-logo.png\",\"contentUrl\":\"https:\/\/so-events.org\/wp-content\/uploads\/2024\/09\/se25-logo.png\",\"width\":1042,\"height\":393,\"caption\":\"VE:25\"},\"image\":{\"@id\":\"https:\/\/so-events.org\/#\/schema\/logo\/image\/\"}}]}<\/script>\n<!-- \/ Yoast SEO plugin. -->","yoast_head_json":{"title":"Jan Bohl - SO:25","robots":{"index":"index","follow":"follow","max-snippet":"max-snippet:-1","max-image-preview":"max-image-preview:large","max-video-preview":"max-video-preview:-1"},"canonical":"https:\/\/so-events.org\/speakers\/jan-bohl","og_locale":"de_DE","og_type":"article","og_title":"Jan Bohl - SO:25","og_description":"CFO & Partner Ableton","og_url":"https:\/\/so-events.org\/speakers\/jan-bohl","og_site_name":"SO:25","article_modified_time":"2025-07-03T10:05:55+00:00","og_image":[{"width":800,"height":800,"url":"https:\/\/so-events.org\/wp-content\/uploads\/2022\/08\/39.jpg","type":"image\/jpeg"}],"twitter_card":"summary_large_image","twitter_misc":{"Gesch\u00e4tzte Lesezeit":"1\u00a0Minute"},"schema":{"@context":"https:\/\/schema.org","@graph":[{"@type":"WebPage","@id":"https:\/\/so-events.org\/speakers\/jan-bohl","url":"https:\/\/so-events.org\/speakers\/jan-bohl","name":"Jan Bohl - SO:25","isPartOf":{"@id":"https:\/\/so-events.org\/#website"},"primaryImageOfPage":{"@id":"https:\/\/so-events.org\/speakers\/jan-bohl#primaryimage"},"image":{"@id":"https:\/\/so-events.org\/speakers\/jan-bohl#primaryimage"},"thumbnailUrl":"https:\/\/so-events.org\/wp-content\/uploads\/2022\/08\/39.jpg","datePublished":"2022-08-01T14:53:57+00:00","dateModified":"2025-07-03T10:05:55+00:00","breadcrumb":{"@id":"https:\/\/so-events.org\/speakers\/jan-bohl#breadcrumb"},"inLanguage":"de","potentialAction":[{"@type":"ReadAction","target":["https:\/\/so-events.org\/speakers\/jan-bohl"]}]},{"@type":"ImageObject","inLanguage":"de","@id":"https:\/\/so-events.org\/speakers\/jan-bohl#primaryimage","url":"https:\/\/so-events.org\/wp-content\/uploads\/2022\/08\/39.jpg","contentUrl":"https:\/\/so-events.org\/wp-content\/uploads\/2022\/08\/39.jpg","width":800,"height":800},{"@type":"BreadcrumbList","@id":"https:\/\/so-events.org\/speakers\/jan-bohl#breadcrumb","itemListElement":[{"@type":"ListItem","position":1,"name":"Startseite","item":"https:\/\/so-events.org\/"},{"@type":"ListItem","position":2,"name":"Speakers","item":"https:\/\/so-events.org\/speakers"},{"@type":"ListItem","position":3,"name":"Jan Bohl"}]},{"@type":"WebSite","@id":"https:\/\/so-events.org\/#website","url":"https:\/\/so-events.org\/","name":"VE:25","description":"Purpose","publisher":{"@id":"https:\/\/so-events.org\/#organization"},"potentialAction":[{"@type":"SearchAction","target":{"@type":"EntryPoint","urlTemplate":"https:\/\/so-events.org\/?s={search_term_string}"},"query-input":{"@type":"PropertyValueSpecification","valueRequired":true,"valueName":"search_term_string"}}],"inLanguage":"de"},{"@type":"Organization","@id":"https:\/\/so-events.org\/#organization","name":"VE:25","url":"https:\/\/so-events.org\/","logo":{"@type":"ImageObject","inLanguage":"de","@id":"https:\/\/so-events.org\/#\/schema\/logo\/image\/","url":"https:\/\/so-events.org\/wp-content\/uploads\/2024\/09\/se25-logo.png","contentUrl":"https:\/\/so-events.org\/wp-content\/uploads\/2024\/09\/se25-logo.png","width":1042,"height":393,"caption":"VE:25"},"image":{"@id":"https:\/\/so-events.org\/#\/schema\/logo\/image\/"}}]}},"_links":{"self":[{"href":"https:\/\/so-events.org\/de\/wp-json\/wp\/v2\/speakers\/5548","targetHints":{"allow":["GET"]}}],"collection":[{"href":"https:\/\/so-events.org\/de\/wp-json\/wp\/v2\/speakers"}],"about":[{"href":"https:\/\/so-events.org\/de\/wp-json\/wp\/v2\/types\/speakers"}],"version-history":[{"count":0,"href":"https:\/\/so-events.org\/de\/wp-json\/wp\/v2\/speakers\/5548\/revisions"}],"wp:featuredmedia":[{"embeddable":true,"href":"https:\/\/so-events.org\/de\/wp-json\/wp\/v2\/media\/9424"}],"wp:attachment":[{"href":"https:\/\/so-events.org\/de\/wp-json\/wp\/v2\/media?parent=5548"}],"wp:term":[{"taxonomy":"speaker_types","embeddable":true,"href":"https:\/\/so-events.org\/de\/wp-json\/wp\/v2\/speaker_types?post=5548"},{"taxonomy":"speaker_filter","embeddable":true,"href":"https:\/\/so-events.org\/de\/wp-json\/wp\/v2\/speaker_filter?post=5548"}],"curies":[{"name":"wp","href":"https:\/\/api.w.org\/{rel}","templated":true}]}}