{"id":4426,"date":"2022-07-14T04:31:49","date_gmt":"2022-07-14T04:31:49","guid":{"rendered":"https:\/\/so-events.org\/?post_type=speakers&#038;p=4426"},"modified":"2025-07-22T13:39:27","modified_gmt":"2025-07-22T13:39:27","slug":"prof-maja-goepel","status":"publish","type":"speakers","link":"https:\/\/so-events.org\/de\/speakers\/prof-maja-goepel","title":{"rendered":"Prof. Maja G\u00f6pel"},"content":{"rendered":"<p>Prof. Dr. Maja G\u00f6pel arbeitet seit 25 Jahren als Polit\u00f6konomin, Transformationsexpertin und Nachhaltigkeitswissenschaftlerin an der Schnittstelle von Wissenschaft, Politik und Gesellschaft. Sie ist Politikberaterin, Bestseller-Autorin (\u00bbUnsere Welt neu denken\u00ab) und Honorarprofessorin f\u00fcr Nachhaltigkeitstransformationen an der Leuphana Universit\u00e4t L\u00fcneburg. Sie war zuletzt Wissenschaftliche Direktorin am The New Institute und Generalsekret\u00e4rin des Wissenschaftlichen Beirats der Bundesregierung Globale Umweltver\u00e4nderungen (WBGU). Davor leitete sie das Berliner B\u00fcro des Wuppertal Instituts f\u00fcr Klima, Umwelt, Energie, nachdem sie sechs Jahre als Direktorin Zukunftsgerechtigkeit des Br\u00fcsseler B\u00fcros und als Campaign Managerin Climate Energy in Hamburg den World Future Council mit aufgebaut hat und die die Interessen zuk\u00fcnftiger Generationen in EU- und UN-Prozessen vertrat. Maja G\u00f6pel ist Mitglied im Club of Rome, dem World Future Council, der Balaton Group, dem Bio\u00f6konomierat der deutschen Bundesregierung und Mitbegr\u00fcnderin der Initiative \u00bbScientists4Future\u00ab.<br \/>\n<em><br \/>\nHinweis: Dieses Speaker-Profil stammt aus dem Jahr 2023.<\/em><\/p>\n","protected":false},"excerpt":{"rendered":"<p>Polit\u00f6konomin &#038;<br \/>\nTransformationsforscherin<\/p>\n","protected":false},"featured_media":9251,"template":"","speaker_types":[157],"speaker_filter":[168],"class_list":["post-4426","speakers","type-speakers","status-publish","has-post-thumbnail","hentry","speaker_types-speakers-2022","speaker_filter-2022-de"],"acf":[],"yoast_head":"<!-- This site is optimized with the Yoast SEO plugin v26.1.1 - https:\/\/yoast.com\/wordpress\/plugins\/seo\/ -->\n<title>Prof. Maja G\u00f6pel - SO:25<\/title>\n<meta name=\"description\" content=\"Prof. Maja G\u00f6pel war Sprecherin auf der VE:23 - die Konferenz zu Verantwortungseigentum 2023.\" \/>\n<meta name=\"robots\" content=\"index, follow, max-snippet:-1, max-image-preview:large, max-video-preview:-1\" \/>\n<link rel=\"canonical\" href=\"https:\/\/so-events.org\/speakers\/prof-maja-goepel\" \/>\n<meta property=\"og:locale\" content=\"de_DE\" \/>\n<meta property=\"og:type\" content=\"article\" \/>\n<meta property=\"og:title\" content=\"Prof. Maja G\u00f6pel - SO:25\" \/>\n<meta property=\"og:description\" content=\"Prof. Maja G\u00f6pel war Sprecherin auf der VE:23 - die Konferenz zu Verantwortungseigentum 2023.\" \/>\n<meta property=\"og:url\" content=\"https:\/\/so-events.org\/speakers\/prof-maja-goepel\" \/>\n<meta property=\"og:site_name\" content=\"SO:25\" \/>\n<meta property=\"article:modified_time\" content=\"2025-07-22T13:39:27+00:00\" \/>\n<meta property=\"og:image\" content=\"https:\/\/so-events.org\/wp-content\/uploads\/2022\/07\/55.jpg\" \/>\n\t<meta property=\"og:image:width\" content=\"800\" \/>\n\t<meta property=\"og:image:height\" content=\"800\" \/>\n\t<meta property=\"og:image:type\" content=\"image\/jpeg\" \/>\n<meta name=\"twitter:card\" content=\"summary_large_image\" \/>\n<meta name=\"twitter:label1\" content=\"Gesch\u00e4tzte Lesezeit\" \/>\n\t<meta name=\"twitter:data1\" content=\"1\u00a0Minute\" \/>\n<script type=\"application\/ld+json\" class=\"yoast-schema-graph\">{\"@context\":\"https:\/\/schema.org\",\"@graph\":[{\"@type\":\"WebPage\",\"@id\":\"https:\/\/so-events.org\/speakers\/prof-maja-goepel\",\"url\":\"https:\/\/so-events.org\/speakers\/prof-maja-goepel\",\"name\":\"Prof. Maja G\u00f6pel - SO:25\",\"isPartOf\":{\"@id\":\"https:\/\/so-events.org\/#website\"},\"primaryImageOfPage\":{\"@id\":\"https:\/\/so-events.org\/speakers\/prof-maja-goepel#primaryimage\"},\"image\":{\"@id\":\"https:\/\/so-events.org\/speakers\/prof-maja-goepel#primaryimage\"},\"thumbnailUrl\":\"https:\/\/so-events.org\/wp-content\/uploads\/2022\/07\/55.jpg\",\"datePublished\":\"2022-07-14T04:31:49+00:00\",\"dateModified\":\"2025-07-22T13:39:27+00:00\",\"description\":\"Prof. Maja G\u00f6pel war Sprecherin auf der VE:23 - die Konferenz zu Verantwortungseigentum 2023.\",\"breadcrumb\":{\"@id\":\"https:\/\/so-events.org\/speakers\/prof-maja-goepel#breadcrumb\"},\"inLanguage\":\"de\",\"potentialAction\":[{\"@type\":\"ReadAction\",\"target\":[\"https:\/\/so-events.org\/speakers\/prof-maja-goepel\"]}]},{\"@type\":\"ImageObject\",\"inLanguage\":\"de\",\"@id\":\"https:\/\/so-events.org\/speakers\/prof-maja-goepel#primaryimage\",\"url\":\"https:\/\/so-events.org\/wp-content\/uploads\/2022\/07\/55.jpg\",\"contentUrl\":\"https:\/\/so-events.org\/wp-content\/uploads\/2022\/07\/55.jpg\",\"width\":800,\"height\":800},{\"@type\":\"BreadcrumbList\",\"@id\":\"https:\/\/so-events.org\/speakers\/prof-maja-goepel#breadcrumb\",\"itemListElement\":[{\"@type\":\"ListItem\",\"position\":1,\"name\":\"Startseite\",\"item\":\"https:\/\/so-events.org\/\"},{\"@type\":\"ListItem\",\"position\":2,\"name\":\"Speakers\",\"item\":\"https:\/\/so-events.org\/speakers\"},{\"@type\":\"ListItem\",\"position\":3,\"name\":\"Prof. Maja G\u00f6pel\"}]},{\"@type\":\"WebSite\",\"@id\":\"https:\/\/so-events.org\/#website\",\"url\":\"https:\/\/so-events.org\/\",\"name\":\"VE:25\",\"description\":\"Purpose\",\"publisher\":{\"@id\":\"https:\/\/so-events.org\/#organization\"},\"potentialAction\":[{\"@type\":\"SearchAction\",\"target\":{\"@type\":\"EntryPoint\",\"urlTemplate\":\"https:\/\/so-events.org\/?s={search_term_string}\"},\"query-input\":{\"@type\":\"PropertyValueSpecification\",\"valueRequired\":true,\"valueName\":\"search_term_string\"}}],\"inLanguage\":\"de\"},{\"@type\":\"Organization\",\"@id\":\"https:\/\/so-events.org\/#organization\",\"name\":\"VE:25\",\"url\":\"https:\/\/so-events.org\/\",\"logo\":{\"@type\":\"ImageObject\",\"inLanguage\":\"de\",\"@id\":\"https:\/\/so-events.org\/#\/schema\/logo\/image\/\",\"url\":\"https:\/\/so-events.org\/wp-content\/uploads\/2024\/09\/se25-logo.png\",\"contentUrl\":\"https:\/\/so-events.org\/wp-content\/uploads\/2024\/09\/se25-logo.png\",\"width\":1042,\"height\":393,\"caption\":\"VE:25\"},\"image\":{\"@id\":\"https:\/\/so-events.org\/#\/schema\/logo\/image\/\"}}]}<\/script>\n<!-- \/ Yoast SEO plugin. -->","yoast_head_json":{"title":"Prof. Maja G\u00f6pel - SO:25","description":"Prof. Maja G\u00f6pel war Sprecherin auf der VE:23 - die Konferenz zu Verantwortungseigentum 2023.","robots":{"index":"index","follow":"follow","max-snippet":"max-snippet:-1","max-image-preview":"max-image-preview:large","max-video-preview":"max-video-preview:-1"},"canonical":"https:\/\/so-events.org\/speakers\/prof-maja-goepel","og_locale":"de_DE","og_type":"article","og_title":"Prof. Maja G\u00f6pel - SO:25","og_description":"Prof. Maja G\u00f6pel war Sprecherin auf der VE:23 - die Konferenz zu Verantwortungseigentum 2023.","og_url":"https:\/\/so-events.org\/speakers\/prof-maja-goepel","og_site_name":"SO:25","article_modified_time":"2025-07-22T13:39:27+00:00","og_image":[{"width":800,"height":800,"url":"https:\/\/so-events.org\/wp-content\/uploads\/2022\/07\/55.jpg","type":"image\/jpeg"}],"twitter_card":"summary_large_image","twitter_misc":{"Gesch\u00e4tzte Lesezeit":"1\u00a0Minute"},"schema":{"@context":"https:\/\/schema.org","@graph":[{"@type":"WebPage","@id":"https:\/\/so-events.org\/speakers\/prof-maja-goepel","url":"https:\/\/so-events.org\/speakers\/prof-maja-goepel","name":"Prof. Maja G\u00f6pel - SO:25","isPartOf":{"@id":"https:\/\/so-events.org\/#website"},"primaryImageOfPage":{"@id":"https:\/\/so-events.org\/speakers\/prof-maja-goepel#primaryimage"},"image":{"@id":"https:\/\/so-events.org\/speakers\/prof-maja-goepel#primaryimage"},"thumbnailUrl":"https:\/\/so-events.org\/wp-content\/uploads\/2022\/07\/55.jpg","datePublished":"2022-07-14T04:31:49+00:00","dateModified":"2025-07-22T13:39:27+00:00","description":"Prof. Maja G\u00f6pel war Sprecherin auf der VE:23 - die Konferenz zu Verantwortungseigentum 2023.","breadcrumb":{"@id":"https:\/\/so-events.org\/speakers\/prof-maja-goepel#breadcrumb"},"inLanguage":"de","potentialAction":[{"@type":"ReadAction","target":["https:\/\/so-events.org\/speakers\/prof-maja-goepel"]}]},{"@type":"ImageObject","inLanguage":"de","@id":"https:\/\/so-events.org\/speakers\/prof-maja-goepel#primaryimage","url":"https:\/\/so-events.org\/wp-content\/uploads\/2022\/07\/55.jpg","contentUrl":"https:\/\/so-events.org\/wp-content\/uploads\/2022\/07\/55.jpg","width":800,"height":800},{"@type":"BreadcrumbList","@id":"https:\/\/so-events.org\/speakers\/prof-maja-goepel#breadcrumb","itemListElement":[{"@type":"ListItem","position":1,"name":"Startseite","item":"https:\/\/so-events.org\/"},{"@type":"ListItem","position":2,"name":"Speakers","item":"https:\/\/so-events.org\/speakers"},{"@type":"ListItem","position":3,"name":"Prof. Maja G\u00f6pel"}]},{"@type":"WebSite","@id":"https:\/\/so-events.org\/#website","url":"https:\/\/so-events.org\/","name":"VE:25","description":"Purpose","publisher":{"@id":"https:\/\/so-events.org\/#organization"},"potentialAction":[{"@type":"SearchAction","target":{"@type":"EntryPoint","urlTemplate":"https:\/\/so-events.org\/?s={search_term_string}"},"query-input":{"@type":"PropertyValueSpecification","valueRequired":true,"valueName":"search_term_string"}}],"inLanguage":"de"},{"@type":"Organization","@id":"https:\/\/so-events.org\/#organization","name":"VE:25","url":"https:\/\/so-events.org\/","logo":{"@type":"ImageObject","inLanguage":"de","@id":"https:\/\/so-events.org\/#\/schema\/logo\/image\/","url":"https:\/\/so-events.org\/wp-content\/uploads\/2024\/09\/se25-logo.png","contentUrl":"https:\/\/so-events.org\/wp-content\/uploads\/2024\/09\/se25-logo.png","width":1042,"height":393,"caption":"VE:25"},"image":{"@id":"https:\/\/so-events.org\/#\/schema\/logo\/image\/"}}]}},"_links":{"self":[{"href":"https:\/\/so-events.org\/de\/wp-json\/wp\/v2\/speakers\/4426","targetHints":{"allow":["GET"]}}],"collection":[{"href":"https:\/\/so-events.org\/de\/wp-json\/wp\/v2\/speakers"}],"about":[{"href":"https:\/\/so-events.org\/de\/wp-json\/wp\/v2\/types\/speakers"}],"version-history":[{"count":0,"href":"https:\/\/so-events.org\/de\/wp-json\/wp\/v2\/speakers\/4426\/revisions"}],"wp:featuredmedia":[{"embeddable":true,"href":"https:\/\/so-events.org\/de\/wp-json\/wp\/v2\/media\/9251"}],"wp:attachment":[{"href":"https:\/\/so-events.org\/de\/wp-json\/wp\/v2\/media?parent=4426"}],"wp:term":[{"taxonomy":"speaker_types","embeddable":true,"href":"https:\/\/so-events.org\/de\/wp-json\/wp\/v2\/speaker_types?post=4426"},{"taxonomy":"speaker_filter","embeddable":true,"href":"https:\/\/so-events.org\/de\/wp-json\/wp\/v2\/speaker_filter?post=4426"}],"curies":[{"name":"wp","href":"https:\/\/api.w.org\/{rel}","templated":true}]}}