{"id":4424,"date":"2022-07-14T04:37:30","date_gmt":"2022-07-14T04:37:30","guid":{"rendered":"https:\/\/so-events.org\/?post_type=speakers&#038;p=4424"},"modified":"2025-07-22T13:39:43","modified_gmt":"2025-07-22T13:39:43","slug":"verena-pausder","status":"publish","type":"speakers","link":"https:\/\/so-events.org\/de\/speakers\/verena-pausder","title":{"rendered":"Verena Pausder"},"content":{"rendered":"\t\t<div data-elementor-type=\"wp-post\" data-elementor-id=\"4424\" class=\"elementor elementor-4424\" data-elementor-post-type=\"speakers\">\n\t\t\t\t\t\t<section class=\"elementor-section elementor-top-section elementor-element elementor-element-8107f00 elementor-section-content-middle elementor-section-boxed elementor-section-height-default elementor-section-height-default\" data-id=\"8107f00\" data-element_type=\"section\">\n\t\t\t\t\t\t<div class=\"elementor-container elementor-column-gap-default\">\n\t\t\t\t\t<div class=\"elementor-column elementor-col-50 elementor-top-column elementor-element elementor-element-d9bd1f6\" data-id=\"d9bd1f6\" data-element_type=\"column\">\n\t\t\t<div class=\"elementor-widget-wrap elementor-element-populated\">\n\t\t\t\t\t\t<div class=\"elementor-element elementor-element-0f023ca elementor-widget elementor-widget-theme-post-featured-image elementor-widget-image\" data-id=\"0f023ca\" data-element_type=\"widget\" data-widget_type=\"theme-post-featured-image.default\">\n\t\t\t\t\t\t\t\t\t\t\t\t\t\t\t<img fetchpriority=\"high\" decoding=\"async\" width=\"800\" height=\"800\" src=\"https:\/\/so-events.org\/wp-content\/uploads\/2022\/07\/93.jpg\" class=\"attachment-full size-full wp-image-9275\" alt=\"\" srcset=\"https:\/\/so-events.org\/wp-content\/uploads\/2022\/07\/93.jpg 800w, https:\/\/so-events.org\/wp-content\/uploads\/2022\/07\/93-300x300.jpg 300w, https:\/\/so-events.org\/wp-content\/uploads\/2022\/07\/93-150x150.jpg 150w, https:\/\/so-events.org\/wp-content\/uploads\/2022\/07\/93-768x768.jpg 768w\" sizes=\"(max-width: 800px) 100vw, 800px\" \/>\t\t\t\t\t\t\t\t\t\t\t\t\t\t\t<\/div>\n\t\t\t\t\t<\/div>\n\t\t<\/div>\n\t\t\t\t<div class=\"elementor-column elementor-col-50 elementor-top-column elementor-element elementor-element-b98b2ad\" data-id=\"b98b2ad\" data-element_type=\"column\">\n\t\t\t<div class=\"elementor-widget-wrap elementor-element-populated\">\n\t\t\t\t\t\t<div class=\"elementor-element elementor-element-1b73f35 elementor-widget elementor-widget-heading\" data-id=\"1b73f35\" data-element_type=\"widget\" data-widget_type=\"heading.default\">\n\t\t\t\t\t<h5 class=\"elementor-heading-title elementor-size-default\">Verena Pausder<\/h5>\t\t\t\t<\/div>\n\t\t\t\t<div class=\"elementor-element elementor-element-0db8555 elementor-widget elementor-widget-theme-post-excerpt\" data-id=\"0db8555\" data-element_type=\"widget\" data-widget_type=\"theme-post-excerpt.default\">\n\t\t\t\t\tFamilienunternehmerin &amp;\r\nGr\u00fcnderin\r\n\t\t\t\t<\/div>\n\t\t\t\t<div class=\"elementor-element elementor-element-7b9f9cd elementor-widget elementor-widget-text-editor\" data-id=\"7b9f9cd\" data-element_type=\"widget\" data-widget_type=\"text-editor.default\">\n\t\t\t\t\t\t\t\t\t<p><strong>When<\/strong>: kjhdfgyhfghksdj gdgfd, ugfyuewf<\/p>\t\t\t\t\t\t\t\t<\/div>\n\t\t\t\t<div class=\"elementor-element elementor-element-d589cf4 elementor-widget elementor-widget-text-editor\" data-id=\"d589cf4\" data-element_type=\"widget\" data-widget_type=\"text-editor.default\">\n\t\t\t\t\t\t\t\t\t<strong>Where<\/strong>:\n\t\t\t\t\t\t\t\t<\/div>\n\t\t\t\t<div class=\"elementor-element elementor-element-42a919d elementor-widget elementor-widget-text-editor\" data-id=\"42a919d\" data-element_type=\"widget\" data-widget_type=\"text-editor.default\">\n\t\t\t\t\t\t\t\t\t<p><strong>What<\/strong>:<\/p>\t\t\t\t\t\t\t\t<\/div>\n\t\t\t\t\t<\/div>\n\t\t<\/div>\n\t\t\t\t\t<\/div>\n\t\t<\/section>\n\t\t\t\t<section class=\"elementor-section elementor-top-section elementor-element elementor-element-2a7df87d elementor-section-boxed elementor-section-height-default elementor-section-height-default\" data-id=\"2a7df87d\" data-element_type=\"section\">\n\t\t\t\t\t\t<div class=\"elementor-container elementor-column-gap-default\">\n\t\t\t\t\t<div class=\"elementor-column elementor-col-100 elementor-top-column elementor-element elementor-element-19ff6c3f\" data-id=\"19ff6c3f\" data-element_type=\"column\">\n\t\t\t<div class=\"elementor-widget-wrap elementor-element-populated\">\n\t\t\t\t\t\t<div class=\"elementor-element elementor-element-6b4c46ac elementor-widget elementor-widget-text-editor\" data-id=\"6b4c46ac\" data-element_type=\"widget\" data-widget_type=\"text-editor.default\">\n\t\t\t\t\t\t\t\t\tVerena Pausder ist Unternehmerin, Expertin f\u00fcr Digitale Bildung, Autorin und Gr\u00fcnderin von Fox &amp; Sheep und den HABA Digitalwerkst\u00e4tten. Kindern chancengleichen Zugang zu digitaler Bildung zu erm\u00f6glichen ist f\u00fcr sie eine der Kernvoraussetzungen f\u00fcr die Zukunftsf\u00e4higkeit unseres Landes. Daf\u00fcr hat sie 2017 den Digitale Bildung f\u00fcr Alle e.V. gegr\u00fcndet. W\u00e4hrend der Corona-Zeit stellte sie homeschooling-corona.com ins Netz und initiierte den gr\u00f6\u00dften Bildungs-Hackathon des Landes #wirf\u00fcrschule. Daf\u00fcr wurde sie vom Handelsblatt und BCG als Vordenkerin 2020 ausgezeichnet. 2022 launchte sie die Seite edu-cloud.org, um Schulen und Eltern Transparenz und Orientierung \u00fcber digitale Bildungsangebote zu geben. Ihr Buch \u201eDas Neue Land\u201c ist Spiegel Bestseller und wurde 2020 von der Frankfurter Buchmesse mit dem Sonderpreis \u201eUnternehmerbuch des Jahres\u201c ausgezeichnet. In ihrem Podcast \u201eFAST &amp; CURIOUS\u201c spricht sie mit ihrer Co-Host Lea-Sophie Cramer \u00fcber aktuelle Trends und Entwicklungen in der Startup-Szene. Sie ist im Beirat von DELIUS und R\u00f6hlig Logistics, Hochschulr\u00e4tin der CODE University in Berlin, und Gr\u00fcnderin der Initiative #stayonboard. 2016 wurde sie vom Weltwirtschaftsforum zum \u201eYoung Global Leader\u201c ernannt. 2018 erfolgte die Aufnahme in die Forbes Europe\u2019s Top 50 Women In Tech Liste.\t\t\t\t\t\t\t\t<\/div>\n\t\t\t\t\t<\/div>\n\t\t<\/div>\n\t\t\t\t\t<\/div>\n\t\t<\/section>\n\t\t\t\t<\/div>\n\t\t","protected":false},"excerpt":{"rendered":"<p>Familienunternehmerin &#038;<br \/>\nGr\u00fcnderin<\/p>\n","protected":false},"featured_media":9275,"template":"","speaker_types":[157],"speaker_filter":[168,88],"class_list":["post-4424","speakers","type-speakers","status-publish","has-post-thumbnail","hentry","speaker_types-speakers-2022","speaker_filter-2022-de","speaker_filter-tag-1"],"acf":[],"yoast_head":"<!-- This site is optimized with the Yoast SEO plugin v26.1.1 - https:\/\/yoast.com\/wordpress\/plugins\/seo\/ -->\n<title>Verena Pausder - SO:25<\/title>\n<meta name=\"description\" content=\"Verena Pausder war Sprecherin auf der VE:23 - die Konferenz zu Verantwortungseigentum 2023.\" \/>\n<meta name=\"robots\" content=\"index, follow, max-snippet:-1, max-image-preview:large, max-video-preview:-1\" \/>\n<link rel=\"canonical\" href=\"https:\/\/so-events.org\/speakers\/verena-pausder\" \/>\n<meta property=\"og:locale\" content=\"de_DE\" \/>\n<meta property=\"og:type\" content=\"article\" \/>\n<meta property=\"og:title\" content=\"Verena Pausder - SO:25\" \/>\n<meta property=\"og:description\" content=\"Verena Pausder war Sprecherin auf der VE:23 - die Konferenz zu Verantwortungseigentum 2023.\" \/>\n<meta property=\"og:url\" content=\"https:\/\/so-events.org\/speakers\/verena-pausder\" \/>\n<meta property=\"og:site_name\" content=\"SO:25\" \/>\n<meta property=\"article:modified_time\" content=\"2025-07-22T13:39:43+00:00\" \/>\n<meta property=\"og:image\" content=\"https:\/\/so-events.org\/wp-content\/uploads\/2022\/07\/93.jpg\" \/>\n\t<meta property=\"og:image:width\" content=\"800\" \/>\n\t<meta property=\"og:image:height\" content=\"800\" \/>\n\t<meta property=\"og:image:type\" content=\"image\/jpeg\" \/>\n<meta name=\"twitter:card\" content=\"summary_large_image\" \/>\n<meta name=\"twitter:label1\" content=\"Gesch\u00e4tzte Lesezeit\" \/>\n\t<meta name=\"twitter:data1\" content=\"2\u00a0Minuten\" \/>\n<script type=\"application\/ld+json\" class=\"yoast-schema-graph\">{\"@context\":\"https:\/\/schema.org\",\"@graph\":[{\"@type\":\"WebPage\",\"@id\":\"https:\/\/so-events.org\/speakers\/verena-pausder\",\"url\":\"https:\/\/so-events.org\/speakers\/verena-pausder\",\"name\":\"Verena Pausder - SO:25\",\"isPartOf\":{\"@id\":\"https:\/\/so-events.org\/#website\"},\"primaryImageOfPage\":{\"@id\":\"https:\/\/so-events.org\/speakers\/verena-pausder#primaryimage\"},\"image\":{\"@id\":\"https:\/\/so-events.org\/speakers\/verena-pausder#primaryimage\"},\"thumbnailUrl\":\"https:\/\/so-events.org\/wp-content\/uploads\/2022\/07\/93.jpg\",\"datePublished\":\"2022-07-14T04:37:30+00:00\",\"dateModified\":\"2025-07-22T13:39:43+00:00\",\"description\":\"Verena Pausder war Sprecherin auf der VE:23 - die Konferenz zu Verantwortungseigentum 2023.\",\"breadcrumb\":{\"@id\":\"https:\/\/so-events.org\/speakers\/verena-pausder#breadcrumb\"},\"inLanguage\":\"de\",\"potentialAction\":[{\"@type\":\"ReadAction\",\"target\":[\"https:\/\/so-events.org\/speakers\/verena-pausder\"]}]},{\"@type\":\"ImageObject\",\"inLanguage\":\"de\",\"@id\":\"https:\/\/so-events.org\/speakers\/verena-pausder#primaryimage\",\"url\":\"https:\/\/so-events.org\/wp-content\/uploads\/2022\/07\/93.jpg\",\"contentUrl\":\"https:\/\/so-events.org\/wp-content\/uploads\/2022\/07\/93.jpg\",\"width\":800,\"height\":800},{\"@type\":\"BreadcrumbList\",\"@id\":\"https:\/\/so-events.org\/speakers\/verena-pausder#breadcrumb\",\"itemListElement\":[{\"@type\":\"ListItem\",\"position\":1,\"name\":\"Startseite\",\"item\":\"https:\/\/so-events.org\/\"},{\"@type\":\"ListItem\",\"position\":2,\"name\":\"Speakers\",\"item\":\"https:\/\/so-events.org\/speakers\"},{\"@type\":\"ListItem\",\"position\":3,\"name\":\"Verena Pausder\"}]},{\"@type\":\"WebSite\",\"@id\":\"https:\/\/so-events.org\/#website\",\"url\":\"https:\/\/so-events.org\/\",\"name\":\"VE:25\",\"description\":\"Purpose\",\"publisher\":{\"@id\":\"https:\/\/so-events.org\/#organization\"},\"potentialAction\":[{\"@type\":\"SearchAction\",\"target\":{\"@type\":\"EntryPoint\",\"urlTemplate\":\"https:\/\/so-events.org\/?s={search_term_string}\"},\"query-input\":{\"@type\":\"PropertyValueSpecification\",\"valueRequired\":true,\"valueName\":\"search_term_string\"}}],\"inLanguage\":\"de\"},{\"@type\":\"Organization\",\"@id\":\"https:\/\/so-events.org\/#organization\",\"name\":\"VE:25\",\"url\":\"https:\/\/so-events.org\/\",\"logo\":{\"@type\":\"ImageObject\",\"inLanguage\":\"de\",\"@id\":\"https:\/\/so-events.org\/#\/schema\/logo\/image\/\",\"url\":\"https:\/\/so-events.org\/wp-content\/uploads\/2024\/09\/se25-logo.png\",\"contentUrl\":\"https:\/\/so-events.org\/wp-content\/uploads\/2024\/09\/se25-logo.png\",\"width\":1042,\"height\":393,\"caption\":\"VE:25\"},\"image\":{\"@id\":\"https:\/\/so-events.org\/#\/schema\/logo\/image\/\"}}]}<\/script>\n<!-- \/ Yoast SEO plugin. -->","yoast_head_json":{"title":"Verena Pausder - SO:25","description":"Verena Pausder war Sprecherin auf der VE:23 - die Konferenz zu Verantwortungseigentum 2023.","robots":{"index":"index","follow":"follow","max-snippet":"max-snippet:-1","max-image-preview":"max-image-preview:large","max-video-preview":"max-video-preview:-1"},"canonical":"https:\/\/so-events.org\/speakers\/verena-pausder","og_locale":"de_DE","og_type":"article","og_title":"Verena Pausder - SO:25","og_description":"Verena Pausder war Sprecherin auf der VE:23 - die Konferenz zu Verantwortungseigentum 2023.","og_url":"https:\/\/so-events.org\/speakers\/verena-pausder","og_site_name":"SO:25","article_modified_time":"2025-07-22T13:39:43+00:00","og_image":[{"width":800,"height":800,"url":"https:\/\/so-events.org\/wp-content\/uploads\/2022\/07\/93.jpg","type":"image\/jpeg"}],"twitter_card":"summary_large_image","twitter_misc":{"Gesch\u00e4tzte Lesezeit":"2\u00a0Minuten"},"schema":{"@context":"https:\/\/schema.org","@graph":[{"@type":"WebPage","@id":"https:\/\/so-events.org\/speakers\/verena-pausder","url":"https:\/\/so-events.org\/speakers\/verena-pausder","name":"Verena Pausder - SO:25","isPartOf":{"@id":"https:\/\/so-events.org\/#website"},"primaryImageOfPage":{"@id":"https:\/\/so-events.org\/speakers\/verena-pausder#primaryimage"},"image":{"@id":"https:\/\/so-events.org\/speakers\/verena-pausder#primaryimage"},"thumbnailUrl":"https:\/\/so-events.org\/wp-content\/uploads\/2022\/07\/93.jpg","datePublished":"2022-07-14T04:37:30+00:00","dateModified":"2025-07-22T13:39:43+00:00","description":"Verena Pausder war Sprecherin auf der VE:23 - die Konferenz zu Verantwortungseigentum 2023.","breadcrumb":{"@id":"https:\/\/so-events.org\/speakers\/verena-pausder#breadcrumb"},"inLanguage":"de","potentialAction":[{"@type":"ReadAction","target":["https:\/\/so-events.org\/speakers\/verena-pausder"]}]},{"@type":"ImageObject","inLanguage":"de","@id":"https:\/\/so-events.org\/speakers\/verena-pausder#primaryimage","url":"https:\/\/so-events.org\/wp-content\/uploads\/2022\/07\/93.jpg","contentUrl":"https:\/\/so-events.org\/wp-content\/uploads\/2022\/07\/93.jpg","width":800,"height":800},{"@type":"BreadcrumbList","@id":"https:\/\/so-events.org\/speakers\/verena-pausder#breadcrumb","itemListElement":[{"@type":"ListItem","position":1,"name":"Startseite","item":"https:\/\/so-events.org\/"},{"@type":"ListItem","position":2,"name":"Speakers","item":"https:\/\/so-events.org\/speakers"},{"@type":"ListItem","position":3,"name":"Verena Pausder"}]},{"@type":"WebSite","@id":"https:\/\/so-events.org\/#website","url":"https:\/\/so-events.org\/","name":"VE:25","description":"Purpose","publisher":{"@id":"https:\/\/so-events.org\/#organization"},"potentialAction":[{"@type":"SearchAction","target":{"@type":"EntryPoint","urlTemplate":"https:\/\/so-events.org\/?s={search_term_string}"},"query-input":{"@type":"PropertyValueSpecification","valueRequired":true,"valueName":"search_term_string"}}],"inLanguage":"de"},{"@type":"Organization","@id":"https:\/\/so-events.org\/#organization","name":"VE:25","url":"https:\/\/so-events.org\/","logo":{"@type":"ImageObject","inLanguage":"de","@id":"https:\/\/so-events.org\/#\/schema\/logo\/image\/","url":"https:\/\/so-events.org\/wp-content\/uploads\/2024\/09\/se25-logo.png","contentUrl":"https:\/\/so-events.org\/wp-content\/uploads\/2024\/09\/se25-logo.png","width":1042,"height":393,"caption":"VE:25"},"image":{"@id":"https:\/\/so-events.org\/#\/schema\/logo\/image\/"}}]}},"_links":{"self":[{"href":"https:\/\/so-events.org\/de\/wp-json\/wp\/v2\/speakers\/4424","targetHints":{"allow":["GET"]}}],"collection":[{"href":"https:\/\/so-events.org\/de\/wp-json\/wp\/v2\/speakers"}],"about":[{"href":"https:\/\/so-events.org\/de\/wp-json\/wp\/v2\/types\/speakers"}],"version-history":[{"count":0,"href":"https:\/\/so-events.org\/de\/wp-json\/wp\/v2\/speakers\/4424\/revisions"}],"wp:featuredmedia":[{"embeddable":true,"href":"https:\/\/so-events.org\/de\/wp-json\/wp\/v2\/media\/9275"}],"wp:attachment":[{"href":"https:\/\/so-events.org\/de\/wp-json\/wp\/v2\/media?parent=4424"}],"wp:term":[{"taxonomy":"speaker_types","embeddable":true,"href":"https:\/\/so-events.org\/de\/wp-json\/wp\/v2\/speaker_types?post=4424"},{"taxonomy":"speaker_filter","embeddable":true,"href":"https:\/\/so-events.org\/de\/wp-json\/wp\/v2\/speaker_filter?post=4424"}],"curies":[{"name":"wp","href":"https:\/\/api.w.org\/{rel}","templated":true}]}}