{"id":11267,"date":"2025-09-04T06:29:49","date_gmt":"2025-09-04T06:29:49","guid":{"rendered":"https:\/\/so-events.org\/?post_type=speakers&#038;p=11267"},"modified":"2025-09-25T12:52:00","modified_gmt":"2025-09-25T12:52:00","slug":"prof-dr-guenter-krings","status":"publish","type":"speakers","link":"https:\/\/so-events.org\/de\/speakers\/prof-dr-guenter-krings","title":{"rendered":"Prof. Dr. G\u00fcnter Krings"},"content":{"rendered":"<p><span style=\"font-weight: 400;\">Prof. Dr. G\u00fcnter Krings studierte Rechtswissenschaften und Geschichte an der Universit\u00e4t zu K\u00f6ln und der Temple University, Philadelphia. Neben seiner Promotion am Institut f\u00fcr Staatsrecht der Universit\u00e4t zu K\u00f6ln war Krings Rechtsanwalt in M\u00f6nchengladbach. Seit 2004 ist er Lehrbeauftragter, seit 2010 Honorarprofessor an der Universit\u00e4t zu K\u00f6ln.<\/span><\/p>\n<p><span style=\"font-weight: 400;\">Er ist seit 2002 Mitglied des Deutschen Bundestages und engagierte sich hier in verschiedenen Gremien und Funktionen, u. a. als Mitglied der F\u00f6deralismuskommissionen I+II, als Justiziar der CDU\/CSU-Bundestagsfraktion, als Parlamentarischer Staatssekret\u00e4r im Bundesministerium des Innern, sowie als rechtspolitischer Sprecher der CDU\/CSU-Bundestagsfraktion.<\/span><\/p>\n<p><span style=\"font-weight: 400;\">Seit 2009 ist Krings Vorsitzender des Bundesarbeitskreises Christlich Demokratischer Juristen (BACDJ). Er ist Vorsitzender der Deutschen Gesellschaft f\u00fcr Gesetzgebung e. V. (DGG) sowie Herausgeber der Zeitschrift f\u00fcr Rechtspolitik (ZRP).<\/span><\/p>\n<p><span style=\"font-weight: 400;\">Seit 2017 ist G\u00fcnter Krings Vorsitzender der CDU-Landesgruppe NRW sowie seit Mai 2025 stellvertretender Vorsitzender der CDU\/CSU-Bundestagsfraktion.<\/span><\/p>\n","protected":false},"excerpt":{"rendered":"<p>Stellvertretender Vorsitzender CDU\/CSU-Fraktion, Bundestag<\/p>\n","protected":false},"featured_media":11306,"template":"","speaker_types":[180],"speaker_filter":[166],"class_list":["post-11267","speakers","type-speakers","status-publish","has-post-thumbnail","hentry","speaker_types-speakers-2025-de","speaker_filter-2025-de"],"acf":[],"yoast_head":"<!-- This site is optimized with the Yoast SEO plugin v26.1.1 - https:\/\/yoast.com\/wordpress\/plugins\/seo\/ -->\n<title>Prof. Dr. G\u00fcnter Krings<\/title>\n<meta name=\"description\" content=\"Prof. Dr. G\u00fcnter Krings ist Speaker auf der SO:25 - die Konferenz zu Verantwortungseigentum 2025.\" \/>\n<meta name=\"robots\" content=\"index, follow, max-snippet:-1, max-image-preview:large, max-video-preview:-1\" \/>\n<link rel=\"canonical\" href=\"https:\/\/so-events.org\/de\/speakers\/prof-dr-guenter-krings\" \/>\n<meta property=\"og:locale\" content=\"de_DE\" \/>\n<meta property=\"og:type\" content=\"article\" \/>\n<meta property=\"og:title\" content=\"Prof. Dr. G\u00fcnter Krings\" \/>\n<meta property=\"og:description\" content=\"Prof. Dr. G\u00fcnter Krings ist Speaker auf der SO:25 - die Konferenz zu Verantwortungseigentum 2025.\" \/>\n<meta property=\"og:url\" content=\"https:\/\/so-events.org\/de\/speakers\/prof-dr-guenter-krings\" \/>\n<meta property=\"og:site_name\" content=\"SO:25\" \/>\n<meta property=\"article:modified_time\" content=\"2025-09-25T12:52:00+00:00\" \/>\n<meta property=\"og:image\" content=\"http:\/\/so-events.org\/wp-content\/uploads\/2025\/09\/Prof._Dr._Gunter_Krings.jpg\" \/>\n\t<meta property=\"og:image:width\" content=\"800\" \/>\n\t<meta property=\"og:image:height\" content=\"800\" \/>\n\t<meta property=\"og:image:type\" content=\"image\/jpeg\" \/>\n<meta name=\"twitter:card\" content=\"summary_large_image\" \/>\n<meta name=\"twitter:label1\" content=\"Gesch\u00e4tzte Lesezeit\" \/>\n\t<meta name=\"twitter:data1\" content=\"1\u00a0Minute\" \/>\n<script type=\"application\/ld+json\" class=\"yoast-schema-graph\">{\"@context\":\"https:\/\/schema.org\",\"@graph\":[{\"@type\":\"WebPage\",\"@id\":\"https:\/\/so-events.org\/de\/speakers\/prof-dr-guenter-krings\",\"url\":\"https:\/\/so-events.org\/de\/speakers\/prof-dr-guenter-krings\",\"name\":\"Prof. Dr. G\u00fcnter Krings\",\"isPartOf\":{\"@id\":\"https:\/\/so-events.org\/#website\"},\"primaryImageOfPage\":{\"@id\":\"https:\/\/so-events.org\/de\/speakers\/prof-dr-guenter-krings#primaryimage\"},\"image\":{\"@id\":\"https:\/\/so-events.org\/de\/speakers\/prof-dr-guenter-krings#primaryimage\"},\"thumbnailUrl\":\"https:\/\/so-events.org\/wp-content\/uploads\/2025\/09\/Prof._Dr._Gunter_Krings.jpg\",\"datePublished\":\"2025-09-04T06:29:49+00:00\",\"dateModified\":\"2025-09-25T12:52:00+00:00\",\"description\":\"Prof. Dr. G\u00fcnter Krings ist Speaker auf der SO:25 - die Konferenz zu Verantwortungseigentum 2025.\",\"breadcrumb\":{\"@id\":\"https:\/\/so-events.org\/de\/speakers\/prof-dr-guenter-krings#breadcrumb\"},\"inLanguage\":\"de\",\"potentialAction\":[{\"@type\":\"ReadAction\",\"target\":[\"https:\/\/so-events.org\/de\/speakers\/prof-dr-guenter-krings\"]}]},{\"@type\":\"ImageObject\",\"inLanguage\":\"de\",\"@id\":\"https:\/\/so-events.org\/de\/speakers\/prof-dr-guenter-krings#primaryimage\",\"url\":\"https:\/\/so-events.org\/wp-content\/uploads\/2025\/09\/Prof._Dr._Gunter_Krings.jpg\",\"contentUrl\":\"https:\/\/so-events.org\/wp-content\/uploads\/2025\/09\/Prof._Dr._Gunter_Krings.jpg\",\"width\":800,\"height\":800},{\"@type\":\"BreadcrumbList\",\"@id\":\"https:\/\/so-events.org\/de\/speakers\/prof-dr-guenter-krings#breadcrumb\",\"itemListElement\":[{\"@type\":\"ListItem\",\"position\":1,\"name\":\"Startseite\",\"item\":\"https:\/\/so-events.org\/\"},{\"@type\":\"ListItem\",\"position\":2,\"name\":\"Speakers\",\"item\":\"https:\/\/so-events.org\/speakers\"},{\"@type\":\"ListItem\",\"position\":3,\"name\":\"Prof. Dr. G\u00fcnter Krings\"}]},{\"@type\":\"WebSite\",\"@id\":\"https:\/\/so-events.org\/#website\",\"url\":\"https:\/\/so-events.org\/\",\"name\":\"VE:25\",\"description\":\"Purpose\",\"publisher\":{\"@id\":\"https:\/\/so-events.org\/#organization\"},\"potentialAction\":[{\"@type\":\"SearchAction\",\"target\":{\"@type\":\"EntryPoint\",\"urlTemplate\":\"https:\/\/so-events.org\/?s={search_term_string}\"},\"query-input\":{\"@type\":\"PropertyValueSpecification\",\"valueRequired\":true,\"valueName\":\"search_term_string\"}}],\"inLanguage\":\"de\"},{\"@type\":\"Organization\",\"@id\":\"https:\/\/so-events.org\/#organization\",\"name\":\"VE:25\",\"url\":\"https:\/\/so-events.org\/\",\"logo\":{\"@type\":\"ImageObject\",\"inLanguage\":\"de\",\"@id\":\"https:\/\/so-events.org\/#\/schema\/logo\/image\/\",\"url\":\"https:\/\/so-events.org\/wp-content\/uploads\/2024\/09\/se25-logo.png\",\"contentUrl\":\"https:\/\/so-events.org\/wp-content\/uploads\/2024\/09\/se25-logo.png\",\"width\":1042,\"height\":393,\"caption\":\"VE:25\"},\"image\":{\"@id\":\"https:\/\/so-events.org\/#\/schema\/logo\/image\/\"}}]}<\/script>\n<!-- \/ Yoast SEO plugin. -->","yoast_head_json":{"title":"Prof. Dr. G\u00fcnter Krings","description":"Prof. Dr. G\u00fcnter Krings ist Speaker auf der SO:25 - die Konferenz zu Verantwortungseigentum 2025.","robots":{"index":"index","follow":"follow","max-snippet":"max-snippet:-1","max-image-preview":"max-image-preview:large","max-video-preview":"max-video-preview:-1"},"canonical":"https:\/\/so-events.org\/de\/speakers\/prof-dr-guenter-krings","og_locale":"de_DE","og_type":"article","og_title":"Prof. Dr. G\u00fcnter Krings","og_description":"Prof. Dr. G\u00fcnter Krings ist Speaker auf der SO:25 - die Konferenz zu Verantwortungseigentum 2025.","og_url":"https:\/\/so-events.org\/de\/speakers\/prof-dr-guenter-krings","og_site_name":"SO:25","article_modified_time":"2025-09-25T12:52:00+00:00","og_image":[{"width":800,"height":800,"url":"http:\/\/so-events.org\/wp-content\/uploads\/2025\/09\/Prof._Dr._Gunter_Krings.jpg","type":"image\/jpeg"}],"twitter_card":"summary_large_image","twitter_misc":{"Gesch\u00e4tzte Lesezeit":"1\u00a0Minute"},"schema":{"@context":"https:\/\/schema.org","@graph":[{"@type":"WebPage","@id":"https:\/\/so-events.org\/de\/speakers\/prof-dr-guenter-krings","url":"https:\/\/so-events.org\/de\/speakers\/prof-dr-guenter-krings","name":"Prof. Dr. G\u00fcnter Krings","isPartOf":{"@id":"https:\/\/so-events.org\/#website"},"primaryImageOfPage":{"@id":"https:\/\/so-events.org\/de\/speakers\/prof-dr-guenter-krings#primaryimage"},"image":{"@id":"https:\/\/so-events.org\/de\/speakers\/prof-dr-guenter-krings#primaryimage"},"thumbnailUrl":"https:\/\/so-events.org\/wp-content\/uploads\/2025\/09\/Prof._Dr._Gunter_Krings.jpg","datePublished":"2025-09-04T06:29:49+00:00","dateModified":"2025-09-25T12:52:00+00:00","description":"Prof. Dr. G\u00fcnter Krings ist Speaker auf der SO:25 - die Konferenz zu Verantwortungseigentum 2025.","breadcrumb":{"@id":"https:\/\/so-events.org\/de\/speakers\/prof-dr-guenter-krings#breadcrumb"},"inLanguage":"de","potentialAction":[{"@type":"ReadAction","target":["https:\/\/so-events.org\/de\/speakers\/prof-dr-guenter-krings"]}]},{"@type":"ImageObject","inLanguage":"de","@id":"https:\/\/so-events.org\/de\/speakers\/prof-dr-guenter-krings#primaryimage","url":"https:\/\/so-events.org\/wp-content\/uploads\/2025\/09\/Prof._Dr._Gunter_Krings.jpg","contentUrl":"https:\/\/so-events.org\/wp-content\/uploads\/2025\/09\/Prof._Dr._Gunter_Krings.jpg","width":800,"height":800},{"@type":"BreadcrumbList","@id":"https:\/\/so-events.org\/de\/speakers\/prof-dr-guenter-krings#breadcrumb","itemListElement":[{"@type":"ListItem","position":1,"name":"Startseite","item":"https:\/\/so-events.org\/"},{"@type":"ListItem","position":2,"name":"Speakers","item":"https:\/\/so-events.org\/speakers"},{"@type":"ListItem","position":3,"name":"Prof. Dr. G\u00fcnter Krings"}]},{"@type":"WebSite","@id":"https:\/\/so-events.org\/#website","url":"https:\/\/so-events.org\/","name":"VE:25","description":"Purpose","publisher":{"@id":"https:\/\/so-events.org\/#organization"},"potentialAction":[{"@type":"SearchAction","target":{"@type":"EntryPoint","urlTemplate":"https:\/\/so-events.org\/?s={search_term_string}"},"query-input":{"@type":"PropertyValueSpecification","valueRequired":true,"valueName":"search_term_string"}}],"inLanguage":"de"},{"@type":"Organization","@id":"https:\/\/so-events.org\/#organization","name":"VE:25","url":"https:\/\/so-events.org\/","logo":{"@type":"ImageObject","inLanguage":"de","@id":"https:\/\/so-events.org\/#\/schema\/logo\/image\/","url":"https:\/\/so-events.org\/wp-content\/uploads\/2024\/09\/se25-logo.png","contentUrl":"https:\/\/so-events.org\/wp-content\/uploads\/2024\/09\/se25-logo.png","width":1042,"height":393,"caption":"VE:25"},"image":{"@id":"https:\/\/so-events.org\/#\/schema\/logo\/image\/"}}]}},"_links":{"self":[{"href":"https:\/\/so-events.org\/de\/wp-json\/wp\/v2\/speakers\/11267","targetHints":{"allow":["GET"]}}],"collection":[{"href":"https:\/\/so-events.org\/de\/wp-json\/wp\/v2\/speakers"}],"about":[{"href":"https:\/\/so-events.org\/de\/wp-json\/wp\/v2\/types\/speakers"}],"version-history":[{"count":2,"href":"https:\/\/so-events.org\/de\/wp-json\/wp\/v2\/speakers\/11267\/revisions"}],"predecessor-version":[{"id":12101,"href":"https:\/\/so-events.org\/de\/wp-json\/wp\/v2\/speakers\/11267\/revisions\/12101"}],"wp:featuredmedia":[{"embeddable":true,"href":"https:\/\/so-events.org\/de\/wp-json\/wp\/v2\/media\/11306"}],"wp:attachment":[{"href":"https:\/\/so-events.org\/de\/wp-json\/wp\/v2\/media?parent=11267"}],"wp:term":[{"taxonomy":"speaker_types","embeddable":true,"href":"https:\/\/so-events.org\/de\/wp-json\/wp\/v2\/speaker_types?post=11267"},{"taxonomy":"speaker_filter","embeddable":true,"href":"https:\/\/so-events.org\/de\/wp-json\/wp\/v2\/speaker_filter?post=11267"}],"curies":[{"name":"wp","href":"https:\/\/api.w.org\/{rel}","templated":true}]}}