{"id":5404,"date":"2022-07-28T08:27:50","date_gmt":"2022-07-28T08:27:50","guid":{"rendered":"https:\/\/so-events.org\/?page_id=5404"},"modified":"2022-07-28T08:30:29","modified_gmt":"2022-07-28T08:30:29","slug":"vergangene-konferenzen","status":"publish","type":"page","link":"https:\/\/so-events.org\/de\/vergangene-konferenzen","title":{"rendered":"Vergangene Konferenzen"},"content":{"rendered":"\t\t<div data-elementor-type=\"wp-page\" data-elementor-id=\"5404\" class=\"elementor elementor-5404 elementor-5403\" data-elementor-post-type=\"page\">\n\t\t\t\t\t\t<section class=\"elementor-section elementor-top-section elementor-element elementor-element-1ed1406 elementor-section-height-min-height elementor-section-boxed elementor-section-height-default elementor-section-items-middle\" data-id=\"1ed1406\" data-element_type=\"section\" data-settings=\"{&quot;background_background&quot;:&quot;classic&quot;}\">\n\t\t\t\t\t\t<div class=\"elementor-container elementor-column-gap-default\">\n\t\t\t\t\t<div class=\"elementor-column elementor-col-100 elementor-top-column elementor-element elementor-element-2f19961\" data-id=\"2f19961\" data-element_type=\"column\">\n\t\t\t<div class=\"elementor-widget-wrap elementor-element-populated\">\n\t\t\t\t\t\t<div class=\"elementor-element elementor-element-fa556f9 elementor-widget elementor-widget-heading\" data-id=\"fa556f9\" data-element_type=\"widget\" data-widget_type=\"heading.default\">\n\t\t\t\t\t<h1 class=\"elementor-heading-title elementor-size-default\">Vergangene Konferenzen<\/h1>\t\t\t\t<\/div>\n\t\t\t\t\t<\/div>\n\t\t<\/div>\n\t\t\t\t\t<\/div>\n\t\t<\/section>\n\t\t\t\t<section class=\"elementor-section elementor-top-section elementor-element elementor-element-5407a6f top-overlay-overflow elementor-section-boxed elementor-section-height-default elementor-section-height-default\" data-id=\"5407a6f\" data-element_type=\"section\">\n\t\t\t\t\t\t<div class=\"elementor-container elementor-column-gap-default\">\n\t\t\t\t\t<div class=\"elementor-column elementor-col-100 elementor-top-column elementor-element elementor-element-db99fb2\" data-id=\"db99fb2\" data-element_type=\"column\" data-settings=\"{&quot;background_background&quot;:&quot;classic&quot;}\">\n\t\t\t<div class=\"elementor-widget-wrap elementor-element-populated\">\n\t\t\t\t\t<div class=\"elementor-background-overlay\"><\/div>\n\t\t\t\t\t\t<div class=\"elementor-element elementor-element-77a379f elementor-widget elementor-widget-heading\" data-id=\"77a379f\" data-element_type=\"widget\" data-widget_type=\"heading.default\">\n\t\t\t\t\t<h2 class=\"elementor-heading-title elementor-size-default\">R\u00fcckblick<\/h2>\t\t\t\t<\/div>\n\t\t\t\t<div class=\"elementor-element elementor-element-04e0455 elementor-widget__width-initial elementor-widget elementor-widget-text-editor\" data-id=\"04e0455\" data-element_type=\"widget\" data-widget_type=\"text-editor.default\">\n\t\t\t\t\t\t\t\t\t<p>Um schon jetzt ein wenig in die Konferenz-Atmosph\u00e4re eintauchen zu k\u00f6nnen, findet ihr hier einige Videos und Fotos von vergangenen Veranstaltungen.<\/p>\t\t\t\t\t\t\t\t<\/div>\n\t\t\t\t<div class=\"elementor-element elementor-element-a736bfa elementor-widget__width-initial elementor-skin-carousel elementor-arrows-yes elementor-widget elementor-widget-media-carousel\" data-id=\"a736bfa\" data-element_type=\"widget\" data-settings=\"{&quot;slides_per_view&quot;:&quot;1&quot;,&quot;slides_to_scroll&quot;:&quot;1&quot;,&quot;autoplay_speed&quot;:8000,&quot;slides_per_view_tablet&quot;:&quot;1&quot;,&quot;slides_to_scroll_tablet&quot;:&quot;1&quot;,&quot;skin&quot;:&quot;carousel&quot;,&quot;effect&quot;:&quot;slide&quot;,&quot;show_arrows&quot;:&quot;yes&quot;,&quot;speed&quot;:500,&quot;autoplay&quot;:&quot;yes&quot;,&quot;loop&quot;:&quot;yes&quot;,&quot;pause_on_hover&quot;:&quot;yes&quot;,&quot;pause_on_interaction&quot;:&quot;yes&quot;,&quot;space_between&quot;:{&quot;unit&quot;:&quot;px&quot;,&quot;size&quot;:10,&quot;sizes&quot;:[]},&quot;space_between_tablet&quot;:{&quot;unit&quot;:&quot;px&quot;,&quot;size&quot;:10,&quot;sizes&quot;:[]},&quot;space_between_mobile&quot;:{&quot;unit&quot;:&quot;px&quot;,&quot;size&quot;:10,&quot;sizes&quot;:[]}}\" data-widget_type=\"media-carousel.default\">\n\t\t\t\t\t\t\t\t\t\t<div class=\"elementor-main-swiper swiper\" role=\"region\" aria-roledescription=\"carousel\" aria-label=\"Slider\">\n\t\t\t\t<div class=\"swiper-wrapper\">\n\t\t\t\t\t\t\t\t\t\t\t<div class=\"swiper-slide\" role=\"group\" aria-roledescription=\"slide\">\n\t\t\t\t\t\t\t<a href=\"https:\/\/so-events.org\/wp-content\/uploads\/2022\/04\/Web_Photo_1_DE.jpg\" data-elementor-open-lightbox=\"yes\" data-elementor-lightbox-slideshow=\"a736bfa\" data-elementor-lightbox-title=\"Web_Photo_1_DE\" data-e-action-hash=\"#elementor-action%3Aaction%3Dlightbox%26settings%3DeyJpZCI6MTQ0OCwidXJsIjoiaHR0cHM6XC9cL3NvLWV2ZW50cy5vcmdcL3dwLWNvbnRlbnRcL3VwbG9hZHNcLzIwMjJcLzA0XC9XZWJfUGhvdG9fMV9ERS5qcGciLCJzbGlkZXNob3ciOiJhNzM2YmZhIn0%3D\" data-elementor-lightbox-video=\"https:\/\/www.youtube.com\/embed\/WUIJgSfm4bk?feature=oembed&amp;autoplay=1&amp;rel=0&amp;controls=0\">\t\t<div class=\"elementor-carousel-image\" role=\"img\" aria-label=\"Web_Photo_1_DE\" style=\"background-image: url(&#039;https:\/\/so-events.org\/wp-content\/uploads\/2022\/04\/Web_Photo_1_DE.jpg&#039;)\">\n\n\t\t\t\n\t\t\t\t\t\t\t<div class=\"elementor-custom-embed-play\">\n\t\t\t\t\t<i aria-hidden=\"true\" class=\"eicon-play\"><\/i>\t\t\t\t\t<span class=\"elementor-screen-only\">Abspielen<\/span>\n\t\t\t\t<\/div>\n\t\t\t\t\t<\/div>\n\t\t<\/a>\t\t\t\t\t\t<\/div>\n\t\t\t\t\t\t\t\t\t\t\t<div class=\"swiper-slide\" role=\"group\" aria-roledescription=\"slide\">\n\t\t\t\t\t\t\t<a href=\"https:\/\/so-events.org\/wp-content\/uploads\/2022\/04\/Web_Photo_3_DE.jpg\" data-elementor-open-lightbox=\"yes\" data-elementor-lightbox-slideshow=\"a736bfa\" data-elementor-lightbox-title=\"Web_Photo_3_DE\" data-e-action-hash=\"#elementor-action%3Aaction%3Dlightbox%26settings%3DeyJpZCI6MTQ2NCwidXJsIjoiaHR0cHM6XC9cL3NvLWV2ZW50cy5vcmdcL3dwLWNvbnRlbnRcL3VwbG9hZHNcLzIwMjJcLzA0XC9XZWJfUGhvdG9fM19ERS5qcGciLCJzbGlkZXNob3ciOiJhNzM2YmZhIn0%3D\" data-elementor-lightbox-video=\"https:\/\/www.youtube.com\/embed\/ClgX1x_Chwg?feature=oembed&amp;autoplay=1&amp;rel=0&amp;controls=0\">\t\t<div class=\"elementor-carousel-image\" role=\"img\" aria-label=\"Web_Photo_3_DE\" style=\"background-image: url(&#039;https:\/\/so-events.org\/wp-content\/uploads\/2022\/04\/Web_Photo_3_DE.jpg&#039;)\">\n\n\t\t\t\n\t\t\t\t\t\t\t<div class=\"elementor-custom-embed-play\">\n\t\t\t\t\t<i aria-hidden=\"true\" class=\"eicon-play\"><\/i>\t\t\t\t\t<span class=\"elementor-screen-only\">Abspielen<\/span>\n\t\t\t\t<\/div>\n\t\t\t\t\t<\/div>\n\t\t<\/a>\t\t\t\t\t\t<\/div>\n\t\t\t\t\t\t\t\t\t\t\t<div class=\"swiper-slide\" role=\"group\" aria-roledescription=\"slide\">\n\t\t\t\t\t\t\t<a href=\"https:\/\/so-events.org\/wp-content\/uploads\/2022\/04\/Web_Photo_2_DE.jpg\" data-elementor-open-lightbox=\"yes\" data-elementor-lightbox-slideshow=\"a736bfa\" data-elementor-lightbox-title=\"Web_Photo_2_DE\" data-e-action-hash=\"#elementor-action%3Aaction%3Dlightbox%26settings%3DeyJpZCI6MTQ1OSwidXJsIjoiaHR0cHM6XC9cL3NvLWV2ZW50cy5vcmdcL3dwLWNvbnRlbnRcL3VwbG9hZHNcLzIwMjJcLzA0XC9XZWJfUGhvdG9fMl9ERS5qcGciLCJzbGlkZXNob3ciOiJhNzM2YmZhIn0%3D\" data-elementor-lightbox-video=\"https:\/\/www.youtube.com\/embed\/rUhAwLXKO2w?feature=oembed&amp;autoplay=1&amp;rel=0&amp;controls=0\">\t\t<div class=\"elementor-carousel-image\" role=\"img\" aria-label=\"Web_Photo_2_DE\" style=\"background-image: url(&#039;https:\/\/so-events.org\/wp-content\/uploads\/2022\/04\/Web_Photo_2_DE.jpg&#039;)\">\n\n\t\t\t\n\t\t\t\t\t\t\t<div class=\"elementor-custom-embed-play\">\n\t\t\t\t\t<i aria-hidden=\"true\" class=\"eicon-play\"><\/i>\t\t\t\t\t<span class=\"elementor-screen-only\">Abspielen<\/span>\n\t\t\t\t<\/div>\n\t\t\t\t\t<\/div>\n\t\t<\/a>\t\t\t\t\t\t<\/div>\n\t\t\t\t\t\t\t\t\t<\/div>\n\t\t\t\t\t\t\t\t\t\t\t\t\t\t\t<div class=\"elementor-swiper-button elementor-swiper-button-prev\" role=\"button\" tabindex=\"0\" aria-label=\"Voriger\">\n\t\t\t\t\t\t\t<i aria-hidden=\"true\" class=\"eicon-chevron-left\"><\/i>\t\t\t\t\t\t<\/div>\n\t\t\t\t\t\t<div class=\"elementor-swiper-button elementor-swiper-button-next\" role=\"button\" tabindex=\"0\" aria-label=\"N\u00e4chster\">\n\t\t\t\t\t\t\t<i aria-hidden=\"true\" class=\"eicon-chevron-right\"><\/i>\t\t\t\t\t\t<\/div>\n\t\t\t\t\t\t\t\t\t\t\t\t\t\t\t\t\t<\/div>\n\t\t\t\t\t\t\t\t<\/div>\n\t\t\t\t\t<\/div>\n\t\t<\/div>\n\t\t\t\t\t<\/div>\n\t\t<\/section>\n\t\t\t\t<section class=\"elementor-section elementor-top-section elementor-element elementor-element-539249b elementor-section-full_width elementor-section-stretched elementor-section-height-default elementor-section-height-default\" data-id=\"539249b\" data-element_type=\"section\" data-settings=\"{&quot;stretch_section&quot;:&quot;section-stretched&quot;}\">\n\t\t\t\t\t\t<div class=\"elementor-container elementor-column-gap-default\">\n\t\t\t\t\t<div class=\"elementor-column elementor-col-100 elementor-top-column elementor-element elementor-element-3ad27a8\" data-id=\"3ad27a8\" data-element_type=\"column\">\n\t\t\t<div class=\"elementor-widget-wrap elementor-element-populated\">\n\t\t\t\t\t\t<div class=\"elementor-element elementor-element-17b312f elementor--h-position-left elementor--v-position-bottom events-img-slider elementor-arrows-position-inside elementor-widget elementor-widget-slides\" data-id=\"17b312f\" data-element_type=\"widget\" data-settings=\"{&quot;navigation&quot;:&quot;arrows&quot;,&quot;transition_speed&quot;:1500,&quot;autoplay&quot;:&quot;yes&quot;,&quot;pause_on_hover&quot;:&quot;yes&quot;,&quot;pause_on_interaction&quot;:&quot;yes&quot;,&quot;autoplay_speed&quot;:5000,&quot;infinite&quot;:&quot;yes&quot;,&quot;transition&quot;:&quot;slide&quot;}\" data-widget_type=\"slides.default\">\n\t\t\t\t\t\t\t\t\t\t<div class=\"elementor-slides-wrapper elementor-main-swiper swiper\" role=\"region\" aria-roledescription=\"carousel\" aria-label=\"Slider\" dir=\"ltr\" data-animation=\"fadeInLeft\">\n\t\t\t\t<div class=\"swiper-wrapper elementor-slides\">\n\t\t\t\t\t\t\t\t\t\t<div class=\"elementor-repeater-item-4fbb1a5 swiper-slide\" role=\"group\" aria-roledescription=\"slide\"><div class=\"swiper-slide-bg\" role=\"img\" aria-label=\"Eigentumskonferenz_Room-011_A\"><\/div><div class=\"swiper-slide-inner\" ><div class=\"swiper-slide-contents\"><div class=\"elementor-slide-heading\">Eigentumskonferenz 2018<\/div><div class=\"elementor-slide-description\">Allianz-Forum, Berlin<\/div><\/div><\/div><\/div><div class=\"elementor-repeater-item-74e11de swiper-slide\" role=\"group\" aria-roledescription=\"slide\"><div class=\"swiper-slide-bg\" role=\"img\" aria-label=\"Untitled-2_0000_Eigentumskonferenz_Fehrenbach-030\"><\/div><div class=\"swiper-slide-inner\" ><div class=\"swiper-slide-contents\"><div class=\"elementor-slide-heading\">Franz Fehrenbach, Bosch<\/div><\/div><\/div><\/div><div class=\"elementor-repeater-item-9d99573 swiper-slide\" role=\"group\" aria-roledescription=\"slide\"><div class=\"swiper-slide-bg\" role=\"img\" aria-label=\"Eigentumskonferenz-007_A\"><\/div><div class=\"swiper-slide-inner\" ><div class=\"swiper-slide-contents\"><\/div><\/div><\/div><div class=\"elementor-repeater-item-31b9b71 swiper-slide\" role=\"group\" aria-roledescription=\"slide\"><div class=\"swiper-slide-bg\" role=\"img\" aria-label=\"Untitled-2_0001_Eigentumskonferenz_Ecosia-006\"><\/div><div class=\"swiper-slide-inner\" ><div class=\"swiper-slide-contents\"><div class=\"elementor-slide-heading\">Christian Kroll von Ecosia<\/div><\/div><\/div><\/div><div class=\"elementor-repeater-item-ebd8620 swiper-slide\" role=\"group\" aria-roledescription=\"slide\"><div class=\"swiper-slide-bg\" role=\"img\" aria-label=\"Untitled-2_0002_Eigentumskonferenz_Colin-Mayer-016\"><\/div><div class=\"swiper-slide-inner\" ><div class=\"swiper-slide-contents\"><div class=\"elementor-slide-heading\">Prof. Colin Mayer, University of Oxford<\/div><\/div><\/div><\/div><div class=\"elementor-repeater-item-33f52be swiper-slide\" role=\"group\" aria-roledescription=\"slide\"><div class=\"swiper-slide-bg\" role=\"img\" aria-label=\"Eigentumskonferenz_Stepdance-074_A\"><\/div><div class=\"swiper-slide-inner\" ><div class=\"swiper-slide-contents\"><div class=\"elementor-slide-heading\">Kleine Stepdance-Einlage<\/div><\/div><\/div><\/div><div class=\"elementor-repeater-item-95cdd2e swiper-slide\" role=\"group\" aria-roledescription=\"slide\"><div class=\"swiper-slide-bg\" role=\"img\" aria-label=\"Unfuck_Nov19_annawyszomierskaphoto-9244_A\"><\/div><div class=\"swiper-slide-inner\" ><div class=\"swiper-slide-contents\"><div class=\"elementor-slide-heading\">Veranstaltung zu \"Eigentum neu denken\" <\/div><div class=\"elementor-slide-description\">Kino International in Berlin, November 2019<\/div><\/div><\/div><\/div><div class=\"elementor-repeater-item-1b162f3 swiper-slide\" role=\"group\" aria-roledescription=\"slide\"><div class=\"swiper-slide-bg\" role=\"img\" aria-label=\"Unfuck_Nov19_annawyszomierskaphoto-9616_A\"><\/div><div class=\"swiper-slide-inner\" ><div class=\"swiper-slide-contents\"><\/div><\/div><\/div><div class=\"elementor-repeater-item-7d8c92d swiper-slide\" role=\"group\" aria-roledescription=\"slide\"><div class=\"swiper-slide-bg\" role=\"img\" aria-label=\"Unfuck_Nov19_annawyszomierskaphoto-0404_A\"><\/div><div class=\"swiper-slide-inner\" ><div class=\"swiper-slide-contents\"><\/div><\/div><\/div><div class=\"elementor-repeater-item-19425a2 swiper-slide\" role=\"group\" aria-roledescription=\"slide\"><div class=\"swiper-slide-bg\" role=\"img\" aria-label=\"Unfuck_Nov19_annawyszomierskaphoto-9730_A\"><\/div><div class=\"swiper-slide-inner\" ><div class=\"swiper-slide-contents\"><div class=\"elementor-slide-heading\">Nadia Boegli von Wildplastic, November 2019<\/div><\/div><\/div><\/div><div class=\"elementor-repeater-item-d5cb44b swiper-slide\" role=\"group\" aria-roledescription=\"slide\"><div class=\"swiper-slide-bg\" role=\"img\" aria-label=\"Unfuck_Nov19_annawyszomierskaphoto-9482_A\"><\/div><div class=\"swiper-slide-inner\" ><div class=\"swiper-slide-contents\"><div class=\"elementor-slide-heading\">Philip Siefer von Einhorn<\/div><\/div><\/div><\/div><div class=\"elementor-repeater-item-0289f31 swiper-slide\" role=\"group\" aria-roledescription=\"slide\"><div class=\"swiper-slide-bg\" role=\"img\" aria-label=\"Unfuck_Nov19_annawyszomierskaphoto-9386_A\"><\/div><div class=\"swiper-slide-inner\" ><div class=\"swiper-slide-contents\"><\/div><\/div><\/div><div class=\"elementor-repeater-item-cf17e63 swiper-slide\" role=\"group\" aria-roledescription=\"slide\"><div class=\"swiper-slide-bg\" role=\"img\" aria-label=\"Unfuck_Nov19_annawyszomierskaphoto-9374_A\"><\/div><div class=\"swiper-slide-inner\" ><div class=\"swiper-slide-contents\"><div class=\"elementor-slide-heading\">PURPOSE @work<\/div><\/div><\/div><\/div><div class=\"elementor-repeater-item-a48f52f swiper-slide\" role=\"group\" aria-roledescription=\"slide\"><div class=\"swiper-slide-bg\" role=\"img\" aria-label=\"Unfuck_Nov19_annawyszomierskaphoto-0088_A\"><\/div><div class=\"swiper-slide-inner\" ><div class=\"swiper-slide-contents\"><div class=\"elementor-slide-heading\">Kasia Odrozek, Mozilla Foundation<\/div><\/div><\/div><\/div><div class=\"elementor-repeater-item-ec0005b swiper-slide\" role=\"group\" aria-roledescription=\"slide\"><div class=\"swiper-slide-bg\" role=\"img\" aria-label=\"Allensbach-Studie-Mai2021_IMG_9731_A\"><\/div><div class=\"swiper-slide-inner\" ><div class=\"swiper-slide-contents\"><div class=\"elementor-slide-heading\">Mai 2021: Veranstaltung zur neuen Rechtsform<\/div><div class=\"elementor-slide-description\">Unter anderem diskutierten Robert Habeck und Friedrich Merz<\/div><div  class=\"elementor-button elementor-slide-button elementor-size-sm\">Hier geht es zum Stream<\/div><\/div><\/div><\/div><div class=\"elementor-repeater-item-f392dbf swiper-slide\" role=\"group\" aria-roledescription=\"slide\"><div class=\"swiper-slide-bg\" role=\"img\" aria-label=\"Allensbach-Studie-Mai2021_IMG_9739_A\"><\/div><div class=\"swiper-slide-inner\" ><div class=\"swiper-slide-contents\"><div class=\"elementor-slide-heading\">Olaf Scholz, SPD<\/div><div class=\"elementor-slide-description\">Der sp\u00e4tere Kanzler sagte, die Initiative sei f\u00fcr den \"Zusammenhalt unserer Gesellschaft von allergr\u00f6\u00dfter Bedeutung\".<\/div><\/div><\/div><\/div><div class=\"elementor-repeater-item-f6b2cf6 swiper-slide\" role=\"group\" aria-roledescription=\"slide\"><div class=\"swiper-slide-bg\" role=\"img\" aria-label=\"Allensbach-Studie-Mai2021_pausder2_A\"><\/div><div class=\"swiper-slide-inner\" ><div class=\"swiper-slide-contents\"><div class=\"elementor-slide-heading\">Verena Pausder, Fox & Sheep<\/div><\/div><\/div><\/div><div class=\"elementor-repeater-item-19d476c swiper-slide\" role=\"group\" aria-roledescription=\"slide\"><div class=\"swiper-slide-bg\" role=\"img\" aria-label=\"SVE_Gruendung_annawyszomierskaphoto-7794_A\"><\/div><div class=\"swiper-slide-inner\" ><div class=\"swiper-slide-contents\"><div class=\"elementor-slide-heading\">Gr\u00fcndungsveranstaltung Stiftung Verantwortungseigentum<\/div><div class=\"elementor-slide-description\">November 2019, Berlin<\/div><\/div><\/div><\/div><div class=\"elementor-repeater-item-e9f5b0b swiper-slide\" role=\"group\" aria-roledescription=\"slide\"><div class=\"swiper-slide-bg\" role=\"img\" aria-label=\"SVE_Gruendung_annawyszomierskaphoto-8645_A\"><\/div><div class=\"swiper-slide-inner\" ><div class=\"swiper-slide-contents\"><div class=\"elementor-slide-heading\">Diskussion mit Peter Altmaier<\/div><div class=\"elementor-slide-description\">Damaliger Bundeswirtschaftsminister, November 2019<\/div><\/div><\/div><\/div><div class=\"elementor-repeater-item-623c15f swiper-slide\" role=\"group\" aria-roledescription=\"slide\"><div class=\"swiper-slide-bg\" role=\"img\" aria-label=\"Anne Sanders bei der VE:23 Steward-Ownership Konferenz\"><\/div><div class=\"swiper-slide-inner\" ><div class=\"swiper-slide-contents\"><div class=\"elementor-slide-heading\">Prof. Anne Sanders, Universit\u00e4t Bielefeld<\/div><\/div><\/div><\/div><div class=\"elementor-repeater-item-25ecfc3 swiper-slide\" role=\"group\" aria-roledescription=\"slide\"><div class=\"swiper-slide-bg\" role=\"img\" aria-label=\"SVE_Gruendung_annawyszomierskaphoto-8040_A\"><\/div><div class=\"swiper-slide-inner\" ><div class=\"swiper-slide-contents\"><div class=\"elementor-slide-heading\">Prof. Michael H\u00fcther, Institut der Deutschen Wirtschaft<\/div><\/div><\/div><\/div><div class=\"elementor-repeater-item-cab73fc swiper-slide\" role=\"group\" aria-roledescription=\"slide\"><div class=\"swiper-slide-bg\" role=\"img\" aria-label=\"SVE_Gruendung_annawyszomierskaphoto-8326_A\"><\/div><div class=\"swiper-slide-inner\" ><div class=\"swiper-slide-contents\"><div class=\"elementor-slide-heading\">Prof. Steen Thomsen, Copenhagen Business School<\/div><\/div><\/div><\/div><div class=\"elementor-repeater-item-939b6a5 swiper-slide\" role=\"group\" aria-roledescription=\"slide\"><div class=\"swiper-slide-bg\" role=\"img\" aria-label=\"SVE_Gruendung_annawyszomierskaphoto-8802_A\"><\/div><div class=\"swiper-slide-inner\" ><div class=\"swiper-slide-contents\"><div class=\"elementor-slide-heading\">Get-Together, Kalkscheune Berlin<\/div><\/div><\/div><\/div><div class=\"elementor-repeater-item-b5e7957 swiper-slide\" role=\"group\" aria-roledescription=\"slide\"><div class=\"swiper-slide-bg\" role=\"img\" aria-label=\"SVE_Aufruf_2020_IMG_7059_A\"><\/div><div class=\"swiper-slide-inner\" ><div class=\"swiper-slide-contents\"><div class=\"elementor-slide-heading\">Aufruf f\u00fcr eine neue Rechtsform<\/div><div class=\"elementor-slide-description\">Oktober 2020, Berlin<\/div><\/div><\/div><\/div><div class=\"elementor-repeater-item-52a3313 swiper-slide\" role=\"group\" aria-roledescription=\"slide\"><div class=\"swiper-slide-bg\" role=\"img\" aria-label=\"SVE_Aufruf_2020_IMG_7212_A\"><\/div><div class=\"swiper-slide-inner\" ><div class=\"swiper-slide-contents\"><div class=\"elementor-slide-heading\">\u00dcbergabe des Aufrufs an Bundesregierung<\/div><\/div><\/div><\/div><div class=\"elementor-repeater-item-a614e81 swiper-slide\" role=\"group\" aria-roledescription=\"slide\"><div class=\"swiper-slide-bg\" role=\"img\" aria-label=\"SVE_Aufruf_2020_IMG_7188_A\"><\/div><div class=\"swiper-slide-inner\" ><div class=\"swiper-slide-contents\"><div class=\"elementor-slide-heading\">Annegret Kramp-Karrenbauer<\/div><div class=\"elementor-slide-description\">Damalige Parteivorsitzende der CDU<\/div><\/div><\/div><\/div>\t\t\t\t<\/div>\n\t\t\t\t\t\t\t\t\t\t\t\t\t\t\t<div class=\"elementor-swiper-button elementor-swiper-button-prev\" role=\"button\" tabindex=\"0\" aria-label=\"Vorheriger Slide\">\n\t\t\t\t\t\t\t<i aria-hidden=\"true\" class=\"eicon-chevron-left\"><\/i>\t\t\t\t\t\t<\/div>\n\t\t\t\t\t\t<div class=\"elementor-swiper-button elementor-swiper-button-next\" role=\"button\" tabindex=\"0\" aria-label=\"N\u00e4chster Slide\">\n\t\t\t\t\t\t\t<i aria-hidden=\"true\" class=\"eicon-chevron-right\"><\/i>\t\t\t\t\t\t<\/div>\n\t\t\t\t\t\t\t\t\t\t\t\t\t\t\t\t\t<\/div>\n\t\t\t\t\t\t\t\t<\/div>\n\t\t\t\t\t<\/div>\n\t\t<\/div>\n\t\t\t\t\t<\/div>\n\t\t<\/section>\n\t\t\t\t<section class=\"elementor-section elementor-top-section elementor-element elementor-element-76fb722 elementor-section-boxed elementor-section-height-default elementor-section-height-default\" data-id=\"76fb722\" data-element_type=\"section\" data-settings=\"{&quot;background_background&quot;:&quot;classic&quot;}\">\n\t\t\t\t\t\t<div class=\"elementor-container elementor-column-gap-default\">\n\t\t\t\t\t<div class=\"elementor-column elementor-col-100 elementor-top-column elementor-element elementor-element-da34722\" data-id=\"da34722\" data-element_type=\"column\">\n\t\t\t<div class=\"elementor-widget-wrap elementor-element-populated\">\n\t\t\t\t\t\t<div class=\"elementor-element elementor-element-6277d99 elementor-widget__width-inherit elementor-widget elementor-widget-text-editor\" data-id=\"6277d99\" data-element_type=\"widget\" data-widget_type=\"text-editor.default\">\n\t\t\t\t\t\t\t\t\t<p>Meldet euch bei unserem Newsletter an, um rechtzeitig \u00fcber den Verkaufsstart informiert zu werden.<\/p>\t\t\t\t\t\t\t\t<\/div>\n\t\t\t\t<div class=\"elementor-element elementor-element-afa6622 elementor-align-center elementor-widget elementor-widget-button\" data-id=\"afa6622\" data-element_type=\"widget\" data-widget_type=\"button.default\">\n\t\t\t\t\t\t\t\t\t\t<a class=\"elementor-button elementor-button-link elementor-size-sm\" href=\"http:\/\/eepurl.com\/hZ7xw1\" target=\"_blank\">\n\t\t\t\t\t\t<span class=\"elementor-button-content-wrapper\">\n\t\t\t\t\t\t\t\t\t<span class=\"elementor-button-text\">Newsletter-Anmeldung<\/span>\n\t\t\t\t\t<\/span>\n\t\t\t\t\t<\/a>\n\t\t\t\t\t\t\t\t<\/div>\n\t\t\t\t\t<\/div>\n\t\t<\/div>\n\t\t\t\t\t<\/div>\n\t\t<\/section>\n\t\t\t\t<\/div>\n\t\t","protected":false},"excerpt":{"rendered":"<p>Vergangene Konferenzen R\u00fcckblick Um schon jetzt ein wenig in die Konferenz-Atmosph\u00e4re eintauchen zu k\u00f6nnen, findet ihr hier einige Videos und Fotos von vergangenen Veranstaltungen. Play Play Play Voriger N\u00e4chster Eigentumskonferenz 2018Allianz-Forum, BerlinFranz Fehrenbach, BoschChristian Kroll von EcosiaProf. Colin Mayer, University of OxfordKleine Stepdance-EinlageVeranstaltung zu &#8222;Eigentum neu denken&#8220; Kino International in Berlin, November 2019Nadia Boegli von [&hellip;]<\/p>\n","protected":false},"author":1,"featured_media":0,"parent":0,"menu_order":34,"comment_status":"closed","ping_status":"closed","template":"","meta":{"_acf_changed":false,"footnotes":""},"class_list":["post-5404","page","type-page","status-publish","hentry"],"acf":[],"yoast_head":"<!-- This site is optimized with the Yoast SEO plugin v26.1.1 - https:\/\/yoast.com\/wordpress\/plugins\/seo\/ -->\n<title>Vergangene Konferenzen - SO:25<\/title>\n<meta name=\"robots\" content=\"index, follow, max-snippet:-1, max-image-preview:large, max-video-preview:-1\" \/>\n<link rel=\"canonical\" href=\"https:\/\/so-events.org\/previous-conferences\" \/>\n<meta property=\"og:locale\" content=\"de_DE\" \/>\n<meta property=\"og:type\" content=\"article\" \/>\n<meta property=\"og:title\" content=\"Vergangene Konferenzen - SO:25\" \/>\n<meta property=\"og:description\" content=\"Vergangene Konferenzen R\u00fcckblick Um schon jetzt ein wenig in die Konferenz-Atmosph\u00e4re eintauchen zu k\u00f6nnen, findet ihr hier einige Videos und Fotos von vergangenen Veranstaltungen. Play Play Play Voriger N\u00e4chster Eigentumskonferenz 2018Allianz-Forum, BerlinFranz Fehrenbach, BoschChristian Kroll von EcosiaProf. Colin Mayer, University of OxfordKleine Stepdance-EinlageVeranstaltung zu &#8222;Eigentum neu denken&#8220; Kino International in Berlin, November 2019Nadia Boegli von [&hellip;]\" \/>\n<meta property=\"og:url\" content=\"https:\/\/so-events.org\/previous-conferences\" \/>\n<meta property=\"og:site_name\" content=\"SO:25\" \/>\n<meta property=\"article:modified_time\" content=\"2022-07-28T08:30:29+00:00\" \/>\n<meta name=\"twitter:card\" content=\"summary_large_image\" \/>\n<meta name=\"twitter:label1\" content=\"Gesch\u00e4tzte Lesezeit\" \/>\n\t<meta name=\"twitter:data1\" content=\"1\u00a0Minute\" \/>\n<script type=\"application\/ld+json\" class=\"yoast-schema-graph\">{\"@context\":\"https:\/\/schema.org\",\"@graph\":[{\"@type\":\"WebPage\",\"@id\":\"https:\/\/so-events.org\/previous-conferences\",\"url\":\"https:\/\/so-events.org\/previous-conferences\",\"name\":\"Vergangene Konferenzen - SO:25\",\"isPartOf\":{\"@id\":\"https:\/\/so-events.org\/#website\"},\"datePublished\":\"2022-07-28T08:27:50+00:00\",\"dateModified\":\"2022-07-28T08:30:29+00:00\",\"breadcrumb\":{\"@id\":\"https:\/\/so-events.org\/previous-conferences#breadcrumb\"},\"inLanguage\":\"de\",\"potentialAction\":[{\"@type\":\"ReadAction\",\"target\":[\"https:\/\/so-events.org\/previous-conferences\"]}]},{\"@type\":\"BreadcrumbList\",\"@id\":\"https:\/\/so-events.org\/previous-conferences#breadcrumb\",\"itemListElement\":[{\"@type\":\"ListItem\",\"position\":1,\"name\":\"Startseite\",\"item\":\"https:\/\/so-events.org\/\"},{\"@type\":\"ListItem\",\"position\":2,\"name\":\"Vergangene Konferenzen\"}]},{\"@type\":\"WebSite\",\"@id\":\"https:\/\/so-events.org\/#website\",\"url\":\"https:\/\/so-events.org\/\",\"name\":\"VE:25\",\"description\":\"Purpose\",\"publisher\":{\"@id\":\"https:\/\/so-events.org\/#organization\"},\"potentialAction\":[{\"@type\":\"SearchAction\",\"target\":{\"@type\":\"EntryPoint\",\"urlTemplate\":\"https:\/\/so-events.org\/?s={search_term_string}\"},\"query-input\":{\"@type\":\"PropertyValueSpecification\",\"valueRequired\":true,\"valueName\":\"search_term_string\"}}],\"inLanguage\":\"de\"},{\"@type\":\"Organization\",\"@id\":\"https:\/\/so-events.org\/#organization\",\"name\":\"VE:25\",\"url\":\"https:\/\/so-events.org\/\",\"logo\":{\"@type\":\"ImageObject\",\"inLanguage\":\"de\",\"@id\":\"https:\/\/so-events.org\/#\/schema\/logo\/image\/\",\"url\":\"https:\/\/so-events.org\/wp-content\/uploads\/2024\/09\/se25-logo.png\",\"contentUrl\":\"https:\/\/so-events.org\/wp-content\/uploads\/2024\/09\/se25-logo.png\",\"width\":1042,\"height\":393,\"caption\":\"VE:25\"},\"image\":{\"@id\":\"https:\/\/so-events.org\/#\/schema\/logo\/image\/\"}}]}<\/script>\n<!-- \/ Yoast SEO plugin. -->","yoast_head_json":{"title":"Vergangene Konferenzen - SO:25","robots":{"index":"index","follow":"follow","max-snippet":"max-snippet:-1","max-image-preview":"max-image-preview:large","max-video-preview":"max-video-preview:-1"},"canonical":"https:\/\/so-events.org\/previous-conferences","og_locale":"de_DE","og_type":"article","og_title":"Vergangene Konferenzen - SO:25","og_description":"Vergangene Konferenzen R\u00fcckblick Um schon jetzt ein wenig in die Konferenz-Atmosph\u00e4re eintauchen zu k\u00f6nnen, findet ihr hier einige Videos und Fotos von vergangenen Veranstaltungen. Play Play Play Voriger N\u00e4chster Eigentumskonferenz 2018Allianz-Forum, BerlinFranz Fehrenbach, BoschChristian Kroll von EcosiaProf. Colin Mayer, University of OxfordKleine Stepdance-EinlageVeranstaltung zu &#8222;Eigentum neu denken&#8220; Kino International in Berlin, November 2019Nadia Boegli von [&hellip;]","og_url":"https:\/\/so-events.org\/previous-conferences","og_site_name":"SO:25","article_modified_time":"2022-07-28T08:30:29+00:00","twitter_card":"summary_large_image","twitter_misc":{"Gesch\u00e4tzte Lesezeit":"1\u00a0Minute"},"schema":{"@context":"https:\/\/schema.org","@graph":[{"@type":"WebPage","@id":"https:\/\/so-events.org\/previous-conferences","url":"https:\/\/so-events.org\/previous-conferences","name":"Vergangene Konferenzen - SO:25","isPartOf":{"@id":"https:\/\/so-events.org\/#website"},"datePublished":"2022-07-28T08:27:50+00:00","dateModified":"2022-07-28T08:30:29+00:00","breadcrumb":{"@id":"https:\/\/so-events.org\/previous-conferences#breadcrumb"},"inLanguage":"de","potentialAction":[{"@type":"ReadAction","target":["https:\/\/so-events.org\/previous-conferences"]}]},{"@type":"BreadcrumbList","@id":"https:\/\/so-events.org\/previous-conferences#breadcrumb","itemListElement":[{"@type":"ListItem","position":1,"name":"Startseite","item":"https:\/\/so-events.org\/"},{"@type":"ListItem","position":2,"name":"Vergangene Konferenzen"}]},{"@type":"WebSite","@id":"https:\/\/so-events.org\/#website","url":"https:\/\/so-events.org\/","name":"VE:25","description":"Purpose","publisher":{"@id":"https:\/\/so-events.org\/#organization"},"potentialAction":[{"@type":"SearchAction","target":{"@type":"EntryPoint","urlTemplate":"https:\/\/so-events.org\/?s={search_term_string}"},"query-input":{"@type":"PropertyValueSpecification","valueRequired":true,"valueName":"search_term_string"}}],"inLanguage":"de"},{"@type":"Organization","@id":"https:\/\/so-events.org\/#organization","name":"VE:25","url":"https:\/\/so-events.org\/","logo":{"@type":"ImageObject","inLanguage":"de","@id":"https:\/\/so-events.org\/#\/schema\/logo\/image\/","url":"https:\/\/so-events.org\/wp-content\/uploads\/2024\/09\/se25-logo.png","contentUrl":"https:\/\/so-events.org\/wp-content\/uploads\/2024\/09\/se25-logo.png","width":1042,"height":393,"caption":"VE:25"},"image":{"@id":"https:\/\/so-events.org\/#\/schema\/logo\/image\/"}}]}},"_links":{"self":[{"href":"https:\/\/so-events.org\/de\/wp-json\/wp\/v2\/pages\/5404","targetHints":{"allow":["GET"]}}],"collection":[{"href":"https:\/\/so-events.org\/de\/wp-json\/wp\/v2\/pages"}],"about":[{"href":"https:\/\/so-events.org\/de\/wp-json\/wp\/v2\/types\/page"}],"author":[{"embeddable":true,"href":"https:\/\/so-events.org\/de\/wp-json\/wp\/v2\/users\/1"}],"replies":[{"embeddable":true,"href":"https:\/\/so-events.org\/de\/wp-json\/wp\/v2\/comments?post=5404"}],"version-history":[{"count":0,"href":"https:\/\/so-events.org\/de\/wp-json\/wp\/v2\/pages\/5404\/revisions"}],"wp:attachment":[{"href":"https:\/\/so-events.org\/de\/wp-json\/wp\/v2\/media?parent=5404"}],"curies":[{"name":"wp","href":"https:\/\/api.w.org\/{rel}","templated":true}]}}